{"id":823,"date":"2020-08-01T09:09:05","date_gmt":"2020-08-01T07:09:05","guid":{"rendered":"https:\/\/demo.ovatheme.com\/egovt\/?page_id=823"},"modified":"2023-02-20T08:01:14","modified_gmt":"2023-02-20T07:01:14","slug":"services-communaux","status":"publish","type":"page","link":"https:\/\/mairie-manigod.fr\/index.php\/services-communaux\/","title":{"rendered":"Services de la commune"},"content":{"rendered":"\t\t<div data-elementor-type=\"wp-page\" data-elementor-id=\"823\" class=\"elementor elementor-823\">\n\t\t\t\t\t\t\t\t\t<section class=\"elementor-section elementor-top-section elementor-element elementor-element-a838649 elementor-section-boxed elementor-section-height-default elementor-section-height-default\" data-id=\"a838649\" data-element_type=\"section\">\n\t\t\t\t\t\t<div class=\"elementor-container elementor-column-gap-default\">\n\t\t\t\t\t<div class=\"elementor-column elementor-col-100 elementor-top-column elementor-element elementor-element-ddb54e3\" data-id=\"ddb54e3\" data-element_type=\"column\">\n\t\t\t<div class=\"elementor-widget-wrap elementor-element-populated\">\n\t\t\t\t\t\t\t\t<div class=\"elementor-element elementor-element-71067b5 elementor-widget elementor-widget-ova_heading\" data-id=\"71067b5\" data-element_type=\"widget\" data-widget_type=\"ova_heading.default\">\n\t\t\t\t<div class=\"elementor-widget-container\">\n\t\t\t\t\t<div class=\"ova-heading\">\n\t\t\t\n\t\t\t\t\t\t\t<h2 class=\"title second_font\">Les Services de la Commune de Manigod<\/h2>\n\t\t\t\n\t\t\t\t\t\t\t<p class=\"sub-title \">Acc\u00e9dez directement au service qui vous int\u00e9resse pour en consulter toutes les informations.<\/p>\n\t\t\t\n\t\t<\/div>\n\t\t\t\t<\/div>\n\t\t\t\t<\/div>\n\t\t\t\t\t<\/div>\n\t\t<\/div>\n\t\t\t\t\t\t\t<\/div>\n\t\t<\/section>\n\t\t\t\t<section class=\"elementor-section elementor-top-section elementor-element elementor-element-e91f5f4 elementor-section-boxed elementor-section-height-default elementor-section-height-default\" data-id=\"e91f5f4\" data-element_type=\"section\" data-settings=\"{&quot;background_background&quot;:&quot;classic&quot;}\">\n\t\t\t\t\t\t<div class=\"elementor-container elementor-column-gap-default\">\n\t\t\t\t\t<div class=\"elementor-column elementor-col-33 elementor-top-column elementor-element elementor-element-641b249\" data-id=\"641b249\" data-element_type=\"column\">\n\t\t\t<div class=\"elementor-widget-wrap elementor-element-populated\">\n\t\t\t\t\t\t\t\t<div class=\"elementor-element elementor-element-e0d5fdf elementor-widget elementor-widget-ova_feature\" data-id=\"e0d5fdf\" data-element_type=\"widget\" data-widget_type=\"ova_feature.default\">\n\t\t\t\t<div class=\"elementor-widget-container\">\n\t\t\t\n\t\t\t\t<div class=\"ova_feature version_1\">\n\t\t\t<div class=\"items\">\n\t\t\t\t\n\t\t\t\n\t\t\t\t\t\t\t<div class=\"icon\">\n\t\t\t\t\t<span class=\"flaticon-group\"><\/span>\n\t\t\t\t<\/div>\n\t\t\t\t\n\t\t\t\t\t\t\t\t\t<h3 class=\"title\">\n\t\t\t\t\t\t<a class=\"second_font\" href=\"https:\/\/mairie-manigod.fr\/index.php\/lequipe-municipale\/\">\n\t\t\t\t\t\t\tConseil Municipal\t\t\t\t\t\t<\/a>\n\t\t\t\t\t<\/h3>\n\t\t\t\t\n\t\t\t\t<div class=\"content-sub\">\n\t\t\t\t\t\t\t\t\t\t<p class=\"excerpt\">\n\t\t\t\t\t\tRencontrez l&#039;\u00e9quipe du Conseil Municipal\t\t\t\t\t<\/p>\n\t\t\t\t\t\t\t\t\t\t\n\t\t\t\t\t\t\t\t\t\t<a href=\"https:\/\/mairie-manigod.fr\/index.php\/lequipe-municipale\/\" class=\"second_font readmore\">\n\t\t\t\t\t\tPlus d&#039;infos\t\t\t\t\t\t<i data-feather=\"arrow-right\"><\/i>\n\t\t\t\t\t<\/a>\n\t\t\t\t\t\t\t\t\t<\/div>\n\t\t\t\t\t\t\t\t<div class=\"icon-hide\">\n\t\t\t\t\t<span class=\"flaticon-group\"><\/span>\n\t\t\t\t<\/div>\n\t\t\t\t\t\t\t<\/div>\n\t\t<\/div>\n\t\t\t\t<\/div>\n\t\t\t\t<\/div>\n\t\t\t\t\t<\/div>\n\t\t<\/div>\n\t\t\t\t<div class=\"elementor-column elementor-col-33 elementor-top-column elementor-element elementor-element-018d1c1\" data-id=\"018d1c1\" data-element_type=\"column\">\n\t\t\t<div class=\"elementor-widget-wrap elementor-element-populated\">\n\t\t\t\t\t\t\t\t<div class=\"elementor-element elementor-element-3e79621 elementor-widget elementor-widget-ova_feature\" data-id=\"3e79621\" data-element_type=\"widget\" data-widget_type=\"ova_feature.default\">\n\t\t\t\t<div class=\"elementor-widget-container\">\n\t\t\t\n\t\t\t\t<div class=\"ova_feature version_1\">\n\t\t\t<div class=\"items\">\n\t\t\t\t\n\t\t\t\n\t\t\t\t\t\t\t<div class=\"icon\">\n\t\t\t\t\t<span class=\"flaticon-balance-3\"><\/span>\n\t\t\t\t<\/div>\n\t\t\t\t\n\t\t\t\t\t\t\t\t\t<h3 class=\"title\">\n\t\t\t\t\t\t<a class=\"second_font\" href=\"https:\/\/mairie-manigod.fr\/index.php\/deliberations-arretes\/#deliberations\">\n\t\t\t\t\t\t\tD\u00e9lib\u00e9rations\t\t\t\t\t\t<\/a>\n\t\t\t\t\t<\/h3>\n\t\t\t\t\n\t\t\t\t<div class=\"content-sub\">\n\t\t\t\t\t\t\t\t\t\t<p class=\"excerpt\">\n\t\t\t\t\t\tConsultez les d\u00e9lib\u00e9rations du Conseil Municipal\t\t\t\t\t<\/p>\n\t\t\t\t\t\t\t\t\t\t\n\t\t\t\t\t\t\t\t\t\t<a href=\"https:\/\/mairie-manigod.fr\/index.php\/deliberations-arretes\/#deliberations\" class=\"second_font readmore\">\n\t\t\t\t\t\tPlus d&#039;infos\t\t\t\t\t\t<i data-feather=\"arrow-right\"><\/i>\n\t\t\t\t\t<\/a>\n\t\t\t\t\t\t\t\t\t<\/div>\n\t\t\t\t\t\t\t\t<div class=\"icon-hide\">\n\t\t\t\t\t<span class=\"flaticon-balance-3\"><\/span>\n\t\t\t\t<\/div>\n\t\t\t\t\t\t\t<\/div>\n\t\t<\/div>\n\t\t\t\t<\/div>\n\t\t\t\t<\/div>\n\t\t\t\t\t<\/div>\n\t\t<\/div>\n\t\t\t\t<div class=\"elementor-column elementor-col-33 elementor-top-column elementor-element elementor-element-8b46678\" data-id=\"8b46678\" data-element_type=\"column\">\n\t\t\t<div class=\"elementor-widget-wrap elementor-element-populated\">\n\t\t\t\t\t\t\t\t<div class=\"elementor-element elementor-element-2c5ef5b elementor-widget elementor-widget-ova_feature\" data-id=\"2c5ef5b\" data-element_type=\"widget\" data-widget_type=\"ova_feature.default\">\n\t\t\t\t<div class=\"elementor-widget-container\">\n\t\t\t\n\t\t\t\t<div class=\"ova_feature version_1\">\n\t\t\t<div class=\"items\">\n\t\t\t\t\n\t\t\t\n\t\t\t\t\t\t\t<div class=\"icon\">\n\t\t\t\t\t<span class=\"flaticon-goverment\"><\/span>\n\t\t\t\t<\/div>\n\t\t\t\t\n\t\t\t\t\t\t\t\t\t<h3 class=\"title\">\n\t\t\t\t\t\t<a class=\"second_font\" href=\"https:\/\/mairie-manigod.fr\/index.php\/deliberations-arretes\/#arretes\">\n\t\t\t\t\t\t\tArr\u00eat\u00e9s du Maire\t\t\t\t\t\t<\/a>\n\t\t\t\t\t<\/h3>\n\t\t\t\t\n\t\t\t\t<div class=\"content-sub\">\n\t\t\t\t\t\t\t\t\t\t<p class=\"excerpt\">\n\t\t\t\t\t\tConsultez les arr\u00eat\u00e9s pris par Mr Le Mairie pour le bien de notre Commune.\t\t\t\t\t<\/p>\n\t\t\t\t\t\t\t\t\t\t\n\t\t\t\t\t\t\t\t\t\t<a href=\"https:\/\/mairie-manigod.fr\/index.php\/deliberations-arretes\/#arretes\" class=\"second_font readmore\">\n\t\t\t\t\t\tPlus d&#039;infos\t\t\t\t\t\t<i data-feather=\"arrow-right\"><\/i>\n\t\t\t\t\t<\/a>\n\t\t\t\t\t\t\t\t\t<\/div>\n\t\t\t\t\t\t\t\t<div class=\"icon-hide\">\n\t\t\t\t\t<span class=\"flaticon-goverment\"><\/span>\n\t\t\t\t<\/div>\n\t\t\t\t\t\t\t<\/div>\n\t\t<\/div>\n\t\t\t\t<\/div>\n\t\t\t\t<\/div>\n\t\t\t\t\t<\/div>\n\t\t<\/div>\n\t\t\t\t\t\t\t<\/div>\n\t\t<\/section>\n\t\t\t\t<section class=\"elementor-section elementor-top-section elementor-element elementor-element-1999afa elementor-section-boxed elementor-section-height-default elementor-section-height-default\" data-id=\"1999afa\" data-element_type=\"section\" data-settings=\"{&quot;background_background&quot;:&quot;classic&quot;}\">\n\t\t\t\t\t\t<div class=\"elementor-container elementor-column-gap-default\">\n\t\t\t\t\t<div class=\"elementor-column elementor-col-33 elementor-top-column elementor-element elementor-element-8db9464\" data-id=\"8db9464\" data-element_type=\"column\">\n\t\t\t<div class=\"elementor-widget-wrap elementor-element-populated\">\n\t\t\t\t\t\t\t\t<div class=\"elementor-element elementor-element-7f640c7 elementor-widget elementor-widget-ova_feature\" data-id=\"7f640c7\" data-element_type=\"widget\" data-widget_type=\"ova_feature.default\">\n\t\t\t\t<div class=\"elementor-widget-container\">\n\t\t\t\n\t\t\t\t<div class=\"ova_feature version_1\">\n\t\t\t<div class=\"items\">\n\t\t\t\t\n\t\t\t\n\t\t\t\t\t\t\t<div class=\"icon\">\n\t\t\t\t\t<span class=\"flaticon-currency\"><\/span>\n\t\t\t\t<\/div>\n\t\t\t\t\n\t\t\t\t\t\t\t\t\t<h3 class=\"title\">\n\t\t\t\t\t\t<a class=\"second_font\" href=\"https:\/\/mairie-manigod.fr\/index.php\/taxes-tarifs-communaux\/\">\n\t\t\t\t\t\t\tTaxes & Tarifs\t\t\t\t\t\t<\/a>\n\t\t\t\t\t<\/h3>\n\t\t\t\t\n\t\t\t\t<div class=\"content-sub\">\n\t\t\t\t\t\t\t\t\t\t<p class=\"excerpt\">\n\t\t\t\t\t\tTarifs et taxes communaux en vigueur \u00e0 Manigod.\t\t\t\t\t<\/p>\n\t\t\t\t\t\t\t\t\t\t\n\t\t\t\t\t\t\t\t\t\t<a href=\"https:\/\/mairie-manigod.fr\/index.php\/taxes-tarifs-communaux\/\" class=\"second_font readmore\">\n\t\t\t\t\t\tAcc\u00e9der au service\t\t\t\t\t\t<i data-feather=\"arrow-right\"><\/i>\n\t\t\t\t\t<\/a>\n\t\t\t\t\t\t\t\t\t<\/div>\n\t\t\t\t\t\t\t\t<div class=\"icon-hide\">\n\t\t\t\t\t<span class=\"flaticon-currency\"><\/span>\n\t\t\t\t<\/div>\n\t\t\t\t\t\t\t<\/div>\n\t\t<\/div>\n\t\t\t\t<\/div>\n\t\t\t\t<\/div>\n\t\t\t\t\t<\/div>\n\t\t<\/div>\n\t\t\t\t<div class=\"elementor-column elementor-col-33 elementor-top-column elementor-element elementor-element-aac1c6b\" data-id=\"aac1c6b\" data-element_type=\"column\">\n\t\t\t<div class=\"elementor-widget-wrap elementor-element-populated\">\n\t\t\t\t\t\t\t\t<div class=\"elementor-element elementor-element-7b5e87d elementor-widget elementor-widget-ova_feature\" data-id=\"7b5e87d\" data-element_type=\"widget\" data-widget_type=\"ova_feature.default\">\n\t\t\t\t<div class=\"elementor-widget-container\">\n\t\t\t\n\t\t\t\t<div class=\"ova_feature version_1\">\n\t\t\t<div class=\"items\">\n\t\t\t\t\n\t\t\t\n\t\t\t\t\t\t\t<div class=\"icon\">\n\t\t\t\t\t<span class=\"flaticon-apartment\"><\/span>\n\t\t\t\t<\/div>\n\t\t\t\t\n\t\t\t\t\t\t\t\t\t<h3 class=\"title\">\n\t\t\t\t\t\t<a class=\"second_font\" href=\"https:\/\/mairie-manigod.fr\/index.php\/services-communaux\/urbanisme\/\">\n\t\t\t\t\t\t\tUrbanisme\t\t\t\t\t\t<\/a>\n\t\t\t\t\t<\/h3>\n\t\t\t\t\n\t\t\t\t<div class=\"content-sub\">\n\t\t\t\t\t\t\t\t\t\t<p class=\"excerpt\">\n\t\t\t\t\t\tLes proc\u00e9dures et r\u00e8glements d\u2019urbanisme applicables sur la Commune de Manigod.\t\t\t\t\t<\/p>\n\t\t\t\t\t\t\t\t\t\t\n\t\t\t\t\t\t\t\t\t\t<a href=\"https:\/\/mairie-manigod.fr\/index.php\/services-communaux\/urbanisme\/\" class=\"second_font readmore\">\n\t\t\t\t\t\tAcc\u00e9der au service\t\t\t\t\t\t<i data-feather=\"arrow-right\"><\/i>\n\t\t\t\t\t<\/a>\n\t\t\t\t\t\t\t\t\t<\/div>\n\t\t\t\t\t\t\t\t<div class=\"icon-hide\">\n\t\t\t\t\t<span class=\"flaticon-apartment\"><\/span>\n\t\t\t\t<\/div>\n\t\t\t\t\t\t\t<\/div>\n\t\t<\/div>\n\t\t\t\t<\/div>\n\t\t\t\t<\/div>\n\t\t\t\t\t<\/div>\n\t\t<\/div>\n\t\t\t\t<div class=\"elementor-column elementor-col-33 elementor-top-column elementor-element elementor-element-579383a\" data-id=\"579383a\" data-element_type=\"column\">\n\t\t\t<div class=\"elementor-widget-wrap elementor-element-populated\">\n\t\t\t\t\t\t\t\t<div class=\"elementor-element elementor-element-2967a9f elementor-widget elementor-widget-ova_feature\" data-id=\"2967a9f\" data-element_type=\"widget\" data-widget_type=\"ova_feature.default\">\n\t\t\t\t<div class=\"elementor-widget-container\">\n\t\t\t\n\t\t\t\t<div class=\"ova_feature version_1\">\n\t\t\t<div class=\"items\">\n\t\t\t\t\n\t\t\t\n\t\t\t\t\t\t\t<div class=\"icon\">\n\t\t\t\t\t<span class=\"flaticon-promotion\"><\/span>\n\t\t\t\t<\/div>\n\t\t\t\t\n\t\t\t\t\t\t\t\t\t<h3 class=\"title\">\n\t\t\t\t\t\t<a class=\"second_font\" href=\"https:\/\/mairie-manigod.fr\/index.php\/services-communaux\/eau-et-assainissement\/\">\n\t\t\t\t\t\t\tEau & Assainissement\t\t\t\t\t\t<\/a>\n\t\t\t\t\t<\/h3>\n\t\t\t\t\n\t\t\t\t<div class=\"content-sub\">\n\t\t\t\t\t\t\t\t\t\t<p class=\"excerpt\">\n\t\t\t\t\t\tRetrouvez les tarifs et taxes communaux en vigueur actuellement \u00e0 Manigod.\t\t\t\t\t<\/p>\n\t\t\t\t\t\t\t\t\t\t\n\t\t\t\t\t\t\t\t\t\t<a href=\"https:\/\/mairie-manigod.fr\/index.php\/services-communaux\/eau-et-assainissement\/\" class=\"second_font readmore\">\n\t\t\t\t\t\tAcc\u00e9der au service\t\t\t\t\t\t<i data-feather=\"arrow-right\"><\/i>\n\t\t\t\t\t<\/a>\n\t\t\t\t\t\t\t\t\t<\/div>\n\t\t\t\t\t\t\t\t<div class=\"icon-hide\">\n\t\t\t\t\t<span class=\"flaticon-promotion\"><\/span>\n\t\t\t\t<\/div>\n\t\t\t\t\t\t\t<\/div>\n\t\t<\/div>\n\t\t\t\t<\/div>\n\t\t\t\t<\/div>\n\t\t\t\t\t<\/div>\n\t\t<\/div>\n\t\t\t\t\t\t\t<\/div>\n\t\t<\/section>\n\t\t\t\t<section class=\"elementor-section elementor-top-section elementor-element elementor-element-1d046df elementor-section-boxed elementor-section-height-default elementor-section-height-default\" data-id=\"1d046df\" data-element_type=\"section\" data-settings=\"{&quot;background_background&quot;:&quot;classic&quot;}\">\n\t\t\t\t\t\t<div class=\"elementor-container elementor-column-gap-default\">\n\t\t\t\t\t<div class=\"elementor-column elementor-col-33 elementor-top-column elementor-element elementor-element-ba68462\" data-id=\"ba68462\" data-element_type=\"column\">\n\t\t\t<div class=\"elementor-widget-wrap elementor-element-populated\">\n\t\t\t\t\t\t\t\t<div class=\"elementor-element elementor-element-b4b2059 elementor-widget elementor-widget-ova_feature\" data-id=\"b4b2059\" data-element_type=\"widget\" data-widget_type=\"ova_feature.default\">\n\t\t\t\t<div class=\"elementor-widget-container\">\n\t\t\t\n\t\t\t\t<div class=\"ova_feature version_1\">\n\t\t\t<div class=\"items\">\n\t\t\t\t\n\t\t\t\n\t\t\t\t\t\t\t<div class=\"icon\">\n\t\t\t\t\t<span class=\"flaticon-bridge\"><\/span>\n\t\t\t\t<\/div>\n\t\t\t\t\n\t\t\t\t\t\t\t\t\t<h3 class=\"title\">\n\t\t\t\t\t\t<a class=\"second_font\" href=\"https:\/\/mairie-manigod.fr\/index.php\/services-communaux\/travaux\/\">\n\t\t\t\t\t\t\tTravaux\t\t\t\t\t\t<\/a>\n\t\t\t\t\t<\/h3>\n\t\t\t\t\n\t\t\t\t<div class=\"content-sub\">\n\t\t\t\t\t\t\t\t\t\t<p class=\"excerpt\">\n\t\t\t\t\t\tEntretien de la voirie, des r\u00e9seaux... Consultez tous les travaux en cours \u00e0 Manigod\t\t\t\t\t<\/p>\n\t\t\t\t\t\t\t\t\t\t\n\t\t\t\t\t\t\t\t\t\t<a href=\"https:\/\/mairie-manigod.fr\/index.php\/services-communaux\/travaux\/\" class=\"second_font readmore\">\n\t\t\t\t\t\tAcc\u00e9der au service\t\t\t\t\t\t<i data-feather=\"arrow-right\"><\/i>\n\t\t\t\t\t<\/a>\n\t\t\t\t\t\t\t\t\t<\/div>\n\t\t\t\t\t\t\t\t<div class=\"icon-hide\">\n\t\t\t\t\t<span class=\"flaticon-bridge\"><\/span>\n\t\t\t\t<\/div>\n\t\t\t\t\t\t\t<\/div>\n\t\t<\/div>\n\t\t\t\t<\/div>\n\t\t\t\t<\/div>\n\t\t\t\t\t<\/div>\n\t\t<\/div>\n\t\t\t\t<div class=\"elementor-column elementor-col-33 elementor-top-column elementor-element elementor-element-5e8ed7e\" data-id=\"5e8ed7e\" data-element_type=\"column\">\n\t\t\t<div class=\"elementor-widget-wrap elementor-element-populated\">\n\t\t\t\t\t\t\t\t<div class=\"elementor-element elementor-element-c048172 elementor-widget elementor-widget-ova_feature\" data-id=\"c048172\" data-element_type=\"widget\" data-widget_type=\"ova_feature.default\">\n\t\t\t\t<div class=\"elementor-widget-container\">\n\t\t\t\n\t\t\t\t<div class=\"ova_feature version_1\">\n\t\t\t<div class=\"items\">\n\t\t\t\t\n\t\t\t\n\t\t\t\t\t\t\t<div class=\"icon\">\n\t\t\t\t\t<span class=\"flaticon-document\"><\/span>\n\t\t\t\t<\/div>\n\t\t\t\t\n\t\t\t\t\t\t\t\t\t<h3 class=\"title\">\n\t\t\t\t\t\t<a class=\"second_font\" href=\"https:\/\/mairie-manigod.fr\/index.php\/services-communaux\/formalites\/\">\n\t\t\t\t\t\t\tFormalit\u00e9s\t\t\t\t\t\t<\/a>\n\t\t\t\t\t<\/h3>\n\t\t\t\t\n\t\t\t\t<div class=\"content-sub\">\n\t\t\t\t\t\t\t\t\t\t<p class=\"excerpt\">\n\t\t\t\t\t\tToutes les infos pour vos formalit\u00e9s d&#039;\u00e9tat civil, passeport, CNI, meubl\u00e9s de tourisme...\t\t\t\t\t<\/p>\n\t\t\t\t\t\t\t\t\t\t\n\t\t\t\t\t\t\t\t\t\t<a href=\"https:\/\/mairie-manigod.fr\/index.php\/services-communaux\/formalites\/\" class=\"second_font readmore\">\n\t\t\t\t\t\tAcc\u00e9der au service\t\t\t\t\t\t<i data-feather=\"arrow-right\"><\/i>\n\t\t\t\t\t<\/a>\n\t\t\t\t\t\t\t\t\t<\/div>\n\t\t\t\t\t\t\t\t<div class=\"icon-hide\">\n\t\t\t\t\t<span class=\"flaticon-document\"><\/span>\n\t\t\t\t<\/div>\n\t\t\t\t\t\t\t<\/div>\n\t\t<\/div>\n\t\t\t\t<\/div>\n\t\t\t\t<\/div>\n\t\t\t\t\t<\/div>\n\t\t<\/div>\n\t\t\t\t<div class=\"elementor-column elementor-col-33 elementor-top-column elementor-element elementor-element-ad5aa01\" data-id=\"ad5aa01\" data-element_type=\"column\">\n\t\t\t<div class=\"elementor-widget-wrap elementor-element-populated\">\n\t\t\t\t\t\t\t\t<div class=\"elementor-element elementor-element-9b76fe4 elementor-widget elementor-widget-ova_feature\" data-id=\"9b76fe4\" data-element_type=\"widget\" data-widget_type=\"ova_feature.default\">\n\t\t\t\t<div class=\"elementor-widget-container\">\n\t\t\t\n\t\t\t\t<div class=\"ova_feature version_1\">\n\t\t\t<div class=\"items\">\n\t\t\t\t\n\t\t\t\n\t\t\t\t\t\t\t<div class=\"icon\">\n\t\t\t\t\t<span class=\"flaticon-mortarboard\"><\/span>\n\t\t\t\t<\/div>\n\t\t\t\t\n\t\t\t\t\t\t\t\t\t<h3 class=\"title\">\n\t\t\t\t\t\t<a class=\"second_font\" href=\"https:\/\/mairie-manigod.fr\/index.php\/services-communaux\/enfance\/\">\n\t\t\t\t\t\t\tEnfance\t\t\t\t\t\t<\/a>\n\t\t\t\t\t<\/h3>\n\t\t\t\t\n\t\t\t\t<div class=\"content-sub\">\n\t\t\t\t\t\t\t\t\t\t<p class=\"excerpt\">\n\t\t\t\t\t\tD\u00e9couvrez tous les services d\u00e9di\u00e9s \u00e0 l&#039;enfance \u00e0 Manigod\t\t\t\t\t<\/p>\n\t\t\t\t\t\t\t\t\t\t\n\t\t\t\t\t\t\t\t\t\t<a href=\"https:\/\/mairie-manigod.fr\/index.php\/services-communaux\/enfance\/\" class=\"second_font readmore\">\n\t\t\t\t\t\tAcc\u00e9der au service\t\t\t\t\t\t<i data-feather=\"arrow-right\"><\/i>\n\t\t\t\t\t<\/a>\n\t\t\t\t\t\t\t\t\t<\/div>\n\t\t\t\t\t\t\t\t<div class=\"icon-hide\">\n\t\t\t\t\t<span class=\"flaticon-mortarboard\"><\/span>\n\t\t\t\t<\/div>\n\t\t\t\t\t\t\t<\/div>\n\t\t<\/div>\n\t\t\t\t<\/div>\n\t\t\t\t<\/div>\n\t\t\t\t\t<\/div>\n\t\t<\/div>\n\t\t\t\t\t\t\t<\/div>\n\t\t<\/section>\n\t\t\t\t<section class=\"elementor-section elementor-top-section elementor-element elementor-element-49feba0 elementor-section-boxed elementor-section-height-default elementor-section-height-default\" data-id=\"49feba0\" data-element_type=\"section\" data-settings=\"{&quot;background_background&quot;:&quot;classic&quot;}\">\n\t\t\t\t\t\t<div class=\"elementor-container elementor-column-gap-default\">\n\t\t\t\t\t<div class=\"elementor-column elementor-col-33 elementor-top-column elementor-element elementor-element-946438c\" data-id=\"946438c\" data-element_type=\"column\">\n\t\t\t<div class=\"elementor-widget-wrap elementor-element-populated\">\n\t\t\t\t\t\t\t\t<div class=\"elementor-element elementor-element-c7b6cd9 elementor-widget elementor-widget-ova_feature\" data-id=\"c7b6cd9\" data-element_type=\"widget\" data-widget_type=\"ova_feature.default\">\n\t\t\t\t<div class=\"elementor-widget-container\">\n\t\t\t\n\t\t\t\t<div class=\"ova_feature version_1\">\n\t\t\t<div class=\"items\">\n\t\t\t\t\n\t\t\t\n\t\t\t\t\t\t\t<div class=\"icon\">\n\t\t\t\t\t<span class=\"flaticon-help\"><\/span>\n\t\t\t\t<\/div>\n\t\t\t\t\n\t\t\t\t\t\t\t\t\t<h3 class=\"title\">\n\t\t\t\t\t\t<a class=\"second_font\" href=\"https:\/\/mairie-manigod.fr\/index.php\/services-communaux\/ccas-social\/\">\n\t\t\t\t\t\t\tCCAS \/ Social\t\t\t\t\t\t<\/a>\n\t\t\t\t\t<\/h3>\n\t\t\t\t\n\t\t\t\t<div class=\"content-sub\">\n\t\t\t\t\t\t\t\t\t\t<p class=\"excerpt\">\n\t\t\t\t\t\tRelais communal entre les demandeurs et l\u2019administration en mati\u00e8re d\u2019aide sociale.\t\t\t\t\t<\/p>\n\t\t\t\t\t\t\t\t\t\t\n\t\t\t\t\t\t\t\t\t\t<a href=\"https:\/\/mairie-manigod.fr\/index.php\/services-communaux\/ccas-social\/\" class=\"second_font readmore\">\n\t\t\t\t\t\tAcc\u00e9der au service\t\t\t\t\t\t<i data-feather=\"arrow-right\"><\/i>\n\t\t\t\t\t<\/a>\n\t\t\t\t\t\t\t\t\t<\/div>\n\t\t\t\t\t\t\t\t<div class=\"icon-hide\">\n\t\t\t\t\t<span class=\"flaticon-help\"><\/span>\n\t\t\t\t<\/div>\n\t\t\t\t\t\t\t<\/div>\n\t\t<\/div>\n\t\t\t\t<\/div>\n\t\t\t\t<\/div>\n\t\t\t\t\t<\/div>\n\t\t<\/div>\n\t\t\t\t<div class=\"elementor-column elementor-col-33 elementor-top-column elementor-element elementor-element-dd84bad\" data-id=\"dd84bad\" data-element_type=\"column\">\n\t\t\t<div class=\"elementor-widget-wrap elementor-element-populated\">\n\t\t\t\t\t\t\t\t<div class=\"elementor-element elementor-element-2afb8c1 elementor-widget elementor-widget-ova_feature\" data-id=\"2afb8c1\" data-element_type=\"widget\" data-widget_type=\"ova_feature.default\">\n\t\t\t\t<div class=\"elementor-widget-container\">\n\t\t\t\n\t\t\t\t<div class=\"ova_feature version_1\">\n\t\t\t<div class=\"items\">\n\t\t\t\t\n\t\t\t\n\t\t\t\t\t\t\t<div class=\"icon\">\n\t\t\t\t\t<span class=\"flaticon-trees\"><\/span>\n\t\t\t\t<\/div>\n\t\t\t\t\n\t\t\t\t\t\t\t\t\t<h3 class=\"title\">\n\t\t\t\t\t\t<a class=\"second_font\" href=\"https:\/\/mairie-manigod.fr\/index.php\/environnement\/\">\n\t\t\t\t\t\t\tEnvironnement\t\t\t\t\t\t<\/a>\n\t\t\t\t\t<\/h3>\n\t\t\t\t\n\t\t\t\t<div class=\"content-sub\">\n\t\t\t\t\t\t\t\t\t\t<p class=\"excerpt\">\n\t\t\t\t\t\tToutes les actions et vigilances pour la pr\u00e9servation de notre environnement\t\t\t\t\t<\/p>\n\t\t\t\t\t\t\t\t\t\t\n\t\t\t\t\t\t\t\t\t\t<a href=\"https:\/\/mairie-manigod.fr\/index.php\/environnement\/\" class=\"second_font readmore\">\n\t\t\t\t\t\tAcc\u00e9der au service\t\t\t\t\t\t<i data-feather=\"arrow-right\"><\/i>\n\t\t\t\t\t<\/a>\n\t\t\t\t\t\t\t\t\t<\/div>\n\t\t\t\t\t\t\t\t<div class=\"icon-hide\">\n\t\t\t\t\t<span class=\"flaticon-trees\"><\/span>\n\t\t\t\t<\/div>\n\t\t\t\t\t\t\t<\/div>\n\t\t<\/div>\n\t\t\t\t<\/div>\n\t\t\t\t<\/div>\n\t\t\t\t\t<\/div>\n\t\t<\/div>\n\t\t\t\t<div class=\"elementor-column elementor-col-33 elementor-top-column elementor-element elementor-element-0153ad0\" data-id=\"0153ad0\" data-element_type=\"column\">\n\t\t\t<div class=\"elementor-widget-wrap elementor-element-populated\">\n\t\t\t\t\t\t\t\t<div class=\"elementor-element elementor-element-d2f3e91 elementor-widget elementor-widget-ova_feature\" data-id=\"d2f3e91\" data-element_type=\"widget\" data-widget_type=\"ova_feature.default\">\n\t\t\t\t<div class=\"elementor-widget-container\">\n\t\t\t\n\t\t\t\t<div class=\"ova_feature version_1\">\n\t\t\t<div class=\"items\">\n\t\t\t\t\n\t\t\t\n\t\t\t\t\t\t\t<div class=\"icon\">\n\t\t\t\t\t<span class=\"flaticon-respect\"><\/span>\n\t\t\t\t<\/div>\n\t\t\t\t\n\t\t\t\t\t\t\t\t\t<h3 class=\"title\">\n\t\t\t\t\t\t<a class=\"second_font\" href=\"https:\/\/mairie-manigod.fr\/index.php\/services-communaux\/autres-services-publics\/#cimetiere\">\n\t\t\t\t\t\t\tCimeti\u00e8re\t\t\t\t\t\t<\/a>\n\t\t\t\t\t<\/h3>\n\t\t\t\t\n\t\t\t\t<div class=\"content-sub\">\n\t\t\t\t\t\t\t\t\t\t<p class=\"excerpt\">\n\t\t\t\t\t\tToutes les infos sur le cimeti\u00e8re communal de Manigod\t\t\t\t\t<\/p>\n\t\t\t\t\t\t\t\t\t\t\n\t\t\t\t\t\t\t\t\t\t<a href=\"https:\/\/mairie-manigod.fr\/index.php\/services-communaux\/autres-services-publics\/#cimetiere\" class=\"second_font readmore\">\n\t\t\t\t\t\tAcc\u00e9der au service\t\t\t\t\t\t<i data-feather=\"arrow-right\"><\/i>\n\t\t\t\t\t<\/a>\n\t\t\t\t\t\t\t\t\t<\/div>\n\t\t\t\t\t\t\t\t<div class=\"icon-hide\">\n\t\t\t\t\t<span class=\"flaticon-respect\"><\/span>\n\t\t\t\t<\/div>\n\t\t\t\t\t\t\t<\/div>\n\t\t<\/div>\n\t\t\t\t<\/div>\n\t\t\t\t<\/div>\n\t\t\t\t\t<\/div>\n\t\t<\/div>\n\t\t\t\t\t\t\t<\/div>\n\t\t<\/section>\n\t\t\t\t<section class=\"elementor-section elementor-top-section elementor-element elementor-element-aab65e6 elementor-section-boxed elementor-section-height-default elementor-section-height-default\" data-id=\"aab65e6\" data-element_type=\"section\" data-settings=\"{&quot;background_background&quot;:&quot;classic&quot;}\">\n\t\t\t\t\t\t<div class=\"elementor-container elementor-column-gap-default\">\n\t\t\t\t\t<div class=\"elementor-column elementor-col-33 elementor-top-column elementor-element elementor-element-0f7aed4\" data-id=\"0f7aed4\" data-element_type=\"column\">\n\t\t\t<div class=\"elementor-widget-wrap elementor-element-populated\">\n\t\t\t\t\t\t\t\t<div class=\"elementor-element elementor-element-bc0d583 elementor-widget elementor-widget-ova_feature\" data-id=\"bc0d583\" data-element_type=\"widget\" data-widget_type=\"ova_feature.default\">\n\t\t\t\t<div class=\"elementor-widget-container\">\n\t\t\t\n\t\t\t\t<div class=\"ova_feature version_1\">\n\t\t\t<div class=\"items\">\n\t\t\t\t\n\t\t\t\n\t\t\t\t\t\t\t<div class=\"icon\">\n\t\t\t\t\t<span class=\"flaticon-food-donation\"><\/span>\n\t\t\t\t<\/div>\n\t\t\t\t\n\t\t\t\t\t\t\t\t\t<h3 class=\"title\">\n\t\t\t\t\t\t<a class=\"second_font\" href=\"https:\/\/mairie-manigod.fr\/index.php\/services-communaux\/autres-services-publics\/#dechetterie\">\n\t\t\t\t\t\t\tD\u00e9chetterie\t\t\t\t\t\t<\/a>\n\t\t\t\t\t<\/h3>\n\t\t\t\t\n\t\t\t\t<div class=\"content-sub\">\n\t\t\t\t\t\t\t\t\t\t<p class=\"excerpt\">\n\t\t\t\t\t\tRetrouvez les informations d&#039;ouverture et de fonctionnement de la d\u00e9chetterie de Manigod.\t\t\t\t\t<\/p>\n\t\t\t\t\t\t\t\t\t\t\n\t\t\t\t\t\t\t\t\t\t<a href=\"https:\/\/mairie-manigod.fr\/index.php\/services-communaux\/autres-services-publics\/#dechetterie\" class=\"second_font readmore\">\n\t\t\t\t\t\tAcc\u00e9der au service\t\t\t\t\t\t<i data-feather=\"arrow-right\"><\/i>\n\t\t\t\t\t<\/a>\n\t\t\t\t\t\t\t\t\t<\/div>\n\t\t\t\t\t\t\t\t<div class=\"icon-hide\">\n\t\t\t\t\t<span class=\"flaticon-food-donation\"><\/span>\n\t\t\t\t<\/div>\n\t\t\t\t\t\t\t<\/div>\n\t\t<\/div>\n\t\t\t\t<\/div>\n\t\t\t\t<\/div>\n\t\t\t\t\t<\/div>\n\t\t<\/div>\n\t\t\t\t<div class=\"elementor-column elementor-col-33 elementor-top-column elementor-element elementor-element-07d6196\" data-id=\"07d6196\" data-element_type=\"column\">\n\t\t\t<div class=\"elementor-widget-wrap elementor-element-populated\">\n\t\t\t\t\t\t\t\t<div class=\"elementor-element elementor-element-5cc2114 elementor-widget elementor-widget-ova_feature\" data-id=\"5cc2114\" data-element_type=\"widget\" data-widget_type=\"ova_feature.default\">\n\t\t\t\t<div class=\"elementor-widget-container\">\n\t\t\t\n\t\t\t\t<div class=\"ova_feature version_1\">\n\t\t\t<div class=\"items\">\n\t\t\t\t\n\t\t\t\n\t\t\t\t\t\t\t<div class=\"icon\">\n\t\t\t\t\t<span class=\"flaticon-newsletter\"><\/span>\n\t\t\t\t<\/div>\n\t\t\t\t\n\t\t\t\t\t\t\t\t\t<h3 class=\"title\">\n\t\t\t\t\t\t<a class=\"second_font\" href=\"https:\/\/mairie-manigod.fr\/index.php\/services-communaux\/autres-services-publics\/#laposte\">\n\t\t\t\t\t\t\tAgence Postale\t\t\t\t\t\t<\/a>\n\t\t\t\t\t<\/h3>\n\t\t\t\t\n\t\t\t\t<div class=\"content-sub\">\n\t\t\t\t\t\t\t\t\t\t<p class=\"excerpt\">\n\t\t\t\t\t\tToutes les informations d&#039;ouverture de La Poste de Manigod\t\t\t\t\t<\/p>\n\t\t\t\t\t\t\t\t\t\t\n\t\t\t\t\t\t\t\t\t\t<a href=\"https:\/\/mairie-manigod.fr\/index.php\/services-communaux\/autres-services-publics\/#laposte\" class=\"second_font readmore\">\n\t\t\t\t\t\tAcc\u00e9der au service\t\t\t\t\t\t<i data-feather=\"arrow-right\"><\/i>\n\t\t\t\t\t<\/a>\n\t\t\t\t\t\t\t\t\t<\/div>\n\t\t\t\t\t\t\t\t<div class=\"icon-hide\">\n\t\t\t\t\t<span class=\"flaticon-newsletter\"><\/span>\n\t\t\t\t<\/div>\n\t\t\t\t\t\t\t<\/div>\n\t\t<\/div>\n\t\t\t\t<\/div>\n\t\t\t\t<\/div>\n\t\t\t\t\t<\/div>\n\t\t<\/div>\n\t\t\t\t<div class=\"elementor-column elementor-col-33 elementor-top-column elementor-element elementor-element-b90f764\" data-id=\"b90f764\" data-element_type=\"column\">\n\t\t\t<div class=\"elementor-widget-wrap elementor-element-populated\">\n\t\t\t\t\t\t\t\t<div class=\"elementor-element elementor-element-55128a7 elementor-widget elementor-widget-ova_feature\" data-id=\"55128a7\" data-element_type=\"widget\" data-widget_type=\"ova_feature.default\">\n\t\t\t\t<div class=\"elementor-widget-container\">\n\t\t\t\n\t\t\t\t<div class=\"ova_feature version_1\">\n\t\t\t<div class=\"items\">\n\t\t\t\t\n\t\t\t\n\t\t\t\t\t\t\t<div class=\"icon\">\n\t\t\t\t\t<span class=\"flaticon-help\"><\/span>\n\t\t\t\t<\/div>\n\t\t\t\t\n\t\t\t\t\t\t\t\t\t<h3 class=\"title\">\n\t\t\t\t\t\t<a class=\"second_font\" href=\"https:\/\/mairie-manigod.fr\/index.php\/services-communaux\/elections\/\">\n\t\t\t\t\t\t\t\u00c9lections\t\t\t\t\t\t<\/a>\n\t\t\t\t\t<\/h3>\n\t\t\t\t\n\t\t\t\t<div class=\"content-sub\">\n\t\t\t\t\t\t\t\t\t\t<p class=\"excerpt\">\n\t\t\t\t\t\tTout savoir sur les \u00c9lections\t\t\t\t\t<\/p>\n\t\t\t\t\t\t\t\t\t\t\n\t\t\t\t\t\t\t\t\t\t<a href=\"https:\/\/mairie-manigod.fr\/index.php\/services-communaux\/elections\/\" class=\"second_font readmore\">\n\t\t\t\t\t\tAcc\u00e9der au service\t\t\t\t\t\t<i data-feather=\"arrow-right\"><\/i>\n\t\t\t\t\t<\/a>\n\t\t\t\t\t\t\t\t\t<\/div>\n\t\t\t\t\t\t\t\t<div class=\"icon-hide\">\n\t\t\t\t\t<span class=\"flaticon-help\"><\/span>\n\t\t\t\t<\/div>\n\t\t\t\t\t\t\t<\/div>\n\t\t<\/div>\n\t\t\t\t<\/div>\n\t\t\t\t<\/div>\n\t\t\t\t\t<\/div>\n\t\t<\/div>\n\t\t\t\t\t\t\t<\/div>\n\t\t<\/section>\n\t\t\t\t<section class=\"elementor-section elementor-top-section elementor-element elementor-element-feeccb7 elementor-section-boxed elementor-section-height-default elementor-section-height-default\" data-id=\"feeccb7\" data-element_type=\"section\" data-settings=\"{&quot;background_background&quot;:&quot;classic&quot;}\">\n\t\t\t\t\t\t<div class=\"elementor-container elementor-column-gap-default\">\n\t\t\t\t\t<div class=\"elementor-column elementor-col-50 elementor-top-column elementor-element elementor-element-7ad3716\" data-id=\"7ad3716\" data-element_type=\"column\">\n\t\t\t<div class=\"elementor-widget-wrap elementor-element-populated\">\n\t\t\t\t\t\t\t\t<div class=\"elementor-element elementor-element-f53e959 elementor-widget elementor-widget-heading\" data-id=\"f53e959\" data-element_type=\"widget\" data-widget_type=\"heading.default\">\n\t\t\t\t<div class=\"elementor-widget-container\">\n\t\t\t<style>\/*! elementor - v3.10.2 - 29-01-2023 *\/\n.elementor-heading-title{padding:0;margin:0;line-height:1}.elementor-widget-heading .elementor-heading-title[class*=elementor-size-]>a{color:inherit;font-size:inherit;line-height:inherit}.elementor-widget-heading .elementor-heading-title.elementor-size-small{font-size:15px}.elementor-widget-heading .elementor-heading-title.elementor-size-medium{font-size:19px}.elementor-widget-heading .elementor-heading-title.elementor-size-large{font-size:29px}.elementor-widget-heading .elementor-heading-title.elementor-size-xl{font-size:39px}.elementor-widget-heading .elementor-heading-title.elementor-size-xxl{font-size:59px}<\/style><h3 class=\"elementor-heading-title elementor-size-default\">Besoin de renseignements sur un service municipal ?<\/h3>\t\t<\/div>\n\t\t\t\t<\/div>\n\t\t\t\t<div class=\"elementor-element elementor-element-9d29f82 elementor-widget elementor-widget-text-editor\" data-id=\"9d29f82\" data-element_type=\"widget\" data-widget_type=\"text-editor.default\">\n\t\t\t\t<div class=\"elementor-widget-container\">\n\t\t\t<style>\/*! elementor - v3.10.2 - 29-01-2023 *\/\n.elementor-widget-text-editor.elementor-drop-cap-view-stacked .elementor-drop-cap{background-color:#818a91;color:#fff}.elementor-widget-text-editor.elementor-drop-cap-view-framed .elementor-drop-cap{color:#818a91;border:3px solid;background-color:transparent}.elementor-widget-text-editor:not(.elementor-drop-cap-view-default) .elementor-drop-cap{margin-top:8px}.elementor-widget-text-editor:not(.elementor-drop-cap-view-default) .elementor-drop-cap-letter{width:1em;height:1em}.elementor-widget-text-editor .elementor-drop-cap{float:left;text-align:center;line-height:1;font-size:50px}.elementor-widget-text-editor .elementor-drop-cap-letter{display:inline-block}<\/style>\t\t\t\t<p>Quel que soit votre besoin, la formalit\u00e9 que vous souhaitez effectuer ou les renseignements que vous souhaitez obtenir, toute l&#8217;\u00e9quipe de la Mairie de Manigod est \u00e0 votre disposition et saura vous aiguiller.<\/p>\t\t\t\t\t\t<\/div>\n\t\t\t\t<\/div>\n\t\t\t\t<div class=\"elementor-element elementor-element-4fcb18d elementor-widget elementor-widget-button\" data-id=\"4fcb18d\" data-element_type=\"widget\" data-widget_type=\"button.default\">\n\t\t\t\t<div class=\"elementor-widget-container\">\n\t\t\t\t\t<div class=\"elementor-button-wrapper\">\n\t\t\t<a href=\"https:\/\/mairie-manigod.fr\/index.php\/contact\/#services\" class=\"elementor-button-link elementor-button elementor-size-sm\" role=\"button\">\n\t\t\t\t\t\t<span class=\"elementor-button-content-wrapper\">\n\t\t\t\t\t\t<span class=\"elementor-button-text\">Contacter un Service Municipal<\/span>\n\t\t<\/span>\n\t\t\t\t\t<\/a>\n\t\t<\/div>\n\t\t\t\t<\/div>\n\t\t\t\t<\/div>\n\t\t\t\t\t<\/div>\n\t\t<\/div>\n\t\t\t\t<div class=\"elementor-column elementor-col-50 elementor-top-column elementor-element elementor-element-c706412\" data-id=\"c706412\" data-element_type=\"column\">\n\t\t\t<div class=\"elementor-widget-wrap elementor-element-populated\">\n\t\t\t\t\t\t\t\t<div class=\"elementor-element elementor-element-7e3f4d6 elementor-widget elementor-widget-image\" data-id=\"7e3f4d6\" data-element_type=\"widget\" data-widget_type=\"image.default\">\n\t\t\t\t<div class=\"elementor-widget-container\">\n\t\t\t<style>\/*! elementor - v3.10.2 - 29-01-2023 *\/\n.elementor-widget-image{text-align:center}.elementor-widget-image a{display:inline-block}.elementor-widget-image a img[src$=\".svg\"]{width:48px}.elementor-widget-image img{vertical-align:middle;display:inline-block}<\/style>\t\t\t\t\t\t\t\t\t\t\t\t<img loading=\"lazy\" decoding=\"async\" width=\"1024\" height=\"768\" src=\"https:\/\/mairie-manigod.fr\/wp-content\/uploads\/2023\/02\/DSCN3596-2-1024x768.jpg\" class=\"attachment-large size-large wp-image-6392\" alt=\"\" srcset=\"https:\/\/mairie-manigod.fr\/wp-content\/uploads\/2023\/02\/DSCN3596-2-1024x768.jpg 1024w, https:\/\/mairie-manigod.fr\/wp-content\/uploads\/2023\/02\/DSCN3596-2-300x225.jpg 300w, https:\/\/mairie-manigod.fr\/wp-content\/uploads\/2023\/02\/DSCN3596-2-768x576.jpg 768w, https:\/\/mairie-manigod.fr\/wp-content\/uploads\/2023\/02\/DSCN3596-2-1536x1152.jpg 1536w, https:\/\/mairie-manigod.fr\/wp-content\/uploads\/2023\/02\/DSCN3596-2-scaled.jpg 2048w, https:\/\/mairie-manigod.fr\/wp-content\/uploads\/2023\/02\/DSCN3596-2-600x450.jpg 600w, https:\/\/mairie-manigod.fr\/wp-content\/uploads\/2023\/02\/DSCN3596-2-560x420.jpg 560w\" sizes=\"auto, (max-width: 1024px) 100vw, 1024px\" \/>\t\t\t\t\t\t\t\t\t\t\t\t\t\t\t<\/div>\n\t\t\t\t<\/div>\n\t\t\t\t\t<\/div>\n\t\t<\/div>\n\t\t\t\t\t\t\t<\/div>\n\t\t<\/section>\n\t\t\t\t\t\t\t<\/div>\n\t\t","protected":false},"excerpt":{"rendered":"<p>Les Services de la Commune de Manigod Acc\u00e9dez directement au service qui vous int\u00e9resse pour en consulter toutes les informations. Conseil Municipal Rencontrez l&#8217;\u00e9quipe du Conseil Municipal Plus d&#8217;infos D\u00e9lib\u00e9rations Consultez les d\u00e9lib\u00e9rations du Conseil Municipal Plus d&#8217;infos Arr\u00eat\u00e9s du Maire Consultez les arr\u00eat\u00e9s pris par Mr Le Mairie pour le bien de notre Commune. [&hellip;]<\/p>\n","protected":false},"author":1,"featured_media":5857,"parent":0,"menu_order":0,"comment_status":"closed","ping_status":"closed","template":"elementor_header_footer","meta":{"footnotes":""},"class_list":["post-823","page","type-page","status-publish","has-post-thumbnail","hentry"],"yoast_head":"<!-- This site is optimized with the Yoast SEO plugin v20.13 - https:\/\/yoast.com\/wordpress\/plugins\/seo\/ -->\n<title>Services de la commune - Mairie de Manigod<\/title>\n<meta name=\"description\" content=\"Retrouvez tous les services de la Mairie de Manigod : Conseil Municipal, Arr\u00eat\u00e9s du Mairie, Urbanisme, Travaux, Formalit\u00e9s...\" \/>\n<meta name=\"robots\" content=\"index, follow, max-snippet:-1, max-image-preview:large, max-video-preview:-1\" \/>\n<link rel=\"canonical\" href=\"https:\/\/mairie-manigod.fr\/index.php\/services-communaux\/\" \/>\n<meta property=\"og:locale\" content=\"fr_FR\" \/>\n<meta property=\"og:type\" content=\"article\" \/>\n<meta property=\"og:title\" content=\"Services de la commune - Mairie de Manigod\" \/>\n<meta property=\"og:description\" content=\"Retrouvez tous les services de la Mairie de Manigod : Conseil Municipal, Arr\u00eat\u00e9s du Mairie, Urbanisme, Travaux, Formalit\u00e9s...\" \/>\n<meta property=\"og:url\" content=\"https:\/\/mairie-manigod.fr\/index.php\/services-communaux\/\" \/>\n<meta property=\"og:site_name\" content=\"Mairie de Manigod\" \/>\n<meta property=\"article:modified_time\" content=\"2023-02-20T07:01:14+00:00\" \/>\n<meta property=\"og:image\" content=\"https:\/\/mairie-manigod.fr\/wp-content\/uploads\/2020\/11\/Header-Mairie-Manigod-1920x300-1.png\" \/>\n\t<meta property=\"og:image:width\" content=\"1920\" \/>\n\t<meta property=\"og:image:height\" content=\"300\" \/>\n\t<meta property=\"og:image:type\" content=\"image\/png\" \/>\n<meta name=\"twitter:card\" content=\"summary_large_image\" \/>\n<meta name=\"twitter:label1\" content=\"Dur\u00e9e de lecture estim\u00e9e\" \/>\n\t<meta name=\"twitter:data1\" content=\"2 minutes\" \/>\n<script type=\"application\/ld+json\" class=\"yoast-schema-graph\">{\"@context\":\"https:\/\/schema.org\",\"@graph\":[{\"@type\":\"WebPage\",\"@id\":\"https:\/\/mairie-manigod.fr\/index.php\/services-communaux\/\",\"url\":\"https:\/\/mairie-manigod.fr\/index.php\/services-communaux\/\",\"name\":\"Services de la commune - Mairie de Manigod\",\"isPartOf\":{\"@id\":\"https:\/\/mairie-manigod.fr\/#website\"},\"datePublished\":\"2020-08-01T07:09:05+00:00\",\"dateModified\":\"2023-02-20T07:01:14+00:00\",\"description\":\"Retrouvez tous les services de la Mairie de Manigod : Conseil Municipal, Arr\u00eat\u00e9s du Mairie, Urbanisme, Travaux, Formalit\u00e9s...\",\"inLanguage\":\"fr-FR\",\"potentialAction\":[{\"@type\":\"ReadAction\",\"target\":[\"https:\/\/mairie-manigod.fr\/index.php\/services-communaux\/\"]}]},{\"@type\":\"WebSite\",\"@id\":\"https:\/\/mairie-manigod.fr\/#website\",\"url\":\"https:\/\/mairie-manigod.fr\/\",\"name\":\"Mairie de Manigod\",\"description\":\"Site officiel de la Mairie de Manigod\",\"publisher\":{\"@id\":\"https:\/\/mairie-manigod.fr\/#organization\"},\"potentialAction\":[{\"@type\":\"SearchAction\",\"target\":{\"@type\":\"EntryPoint\",\"urlTemplate\":\"https:\/\/mairie-manigod.fr\/?s={search_term_string}\"},\"query-input\":\"required name=search_term_string\"}],\"inLanguage\":\"fr-FR\"},{\"@type\":\"Organization\",\"@id\":\"https:\/\/mairie-manigod.fr\/#organization\",\"name\":\"Mairie de Manigod\",\"url\":\"https:\/\/mairie-manigod.fr\/\",\"logo\":{\"@type\":\"ImageObject\",\"inLanguage\":\"fr-FR\",\"@id\":\"https:\/\/mairie-manigod.fr\/#\/schema\/logo\/image\/\",\"url\":\"https:\/\/mairie-manigod.fr\/wp-content\/uploads\/2020\/07\/7a01fa1aef2ad52e483cbec5e2883795a6877f38-2nb.png\",\"contentUrl\":\"https:\/\/mairie-manigod.fr\/wp-content\/uploads\/2020\/07\/7a01fa1aef2ad52e483cbec5e2883795a6877f38-2nb.png\",\"width\":1480,\"height\":419,\"caption\":\"Mairie de Manigod\"},\"image\":{\"@id\":\"https:\/\/mairie-manigod.fr\/#\/schema\/logo\/image\/\"}}]}<\/script>\n<!-- \/ Yoast SEO plugin. -->","yoast_head_json":{"title":"Services de la commune - Mairie de Manigod","description":"Retrouvez tous les services de la Mairie de Manigod : Conseil Municipal, Arr\u00eat\u00e9s du Mairie, Urbanisme, Travaux, Formalit\u00e9s...","robots":{"index":"index","follow":"follow","max-snippet":"max-snippet:-1","max-image-preview":"max-image-preview:large","max-video-preview":"max-video-preview:-1"},"canonical":"https:\/\/mairie-manigod.fr\/index.php\/services-communaux\/","og_locale":"fr_FR","og_type":"article","og_title":"Services de la commune - Mairie de Manigod","og_description":"Retrouvez tous les services de la Mairie de Manigod : Conseil Municipal, Arr\u00eat\u00e9s du Mairie, Urbanisme, Travaux, Formalit\u00e9s...","og_url":"https:\/\/mairie-manigod.fr\/index.php\/services-communaux\/","og_site_name":"Mairie de Manigod","article_modified_time":"2023-02-20T07:01:14+00:00","og_image":[{"width":1920,"height":300,"url":"https:\/\/mairie-manigod.fr\/wp-content\/uploads\/2020\/11\/Header-Mairie-Manigod-1920x300-1.png","type":"image\/png"}],"twitter_card":"summary_large_image","twitter_misc":{"Dur\u00e9e de lecture estim\u00e9e":"2 minutes"},"schema":{"@context":"https:\/\/schema.org","@graph":[{"@type":"WebPage","@id":"https:\/\/mairie-manigod.fr\/index.php\/services-communaux\/","url":"https:\/\/mairie-manigod.fr\/index.php\/services-communaux\/","name":"Services de la commune - Mairie de Manigod","isPartOf":{"@id":"https:\/\/mairie-manigod.fr\/#website"},"datePublished":"2020-08-01T07:09:05+00:00","dateModified":"2023-02-20T07:01:14+00:00","description":"Retrouvez tous les services de la Mairie de Manigod : Conseil Municipal, Arr\u00eat\u00e9s du Mairie, Urbanisme, Travaux, Formalit\u00e9s...","inLanguage":"fr-FR","potentialAction":[{"@type":"ReadAction","target":["https:\/\/mairie-manigod.fr\/index.php\/services-communaux\/"]}]},{"@type":"WebSite","@id":"https:\/\/mairie-manigod.fr\/#website","url":"https:\/\/mairie-manigod.fr\/","name":"Mairie de Manigod","description":"Site officiel de la Mairie de Manigod","publisher":{"@id":"https:\/\/mairie-manigod.fr\/#organization"},"potentialAction":[{"@type":"SearchAction","target":{"@type":"EntryPoint","urlTemplate":"https:\/\/mairie-manigod.fr\/?s={search_term_string}"},"query-input":"required name=search_term_string"}],"inLanguage":"fr-FR"},{"@type":"Organization","@id":"https:\/\/mairie-manigod.fr\/#organization","name":"Mairie de Manigod","url":"https:\/\/mairie-manigod.fr\/","logo":{"@type":"ImageObject","inLanguage":"fr-FR","@id":"https:\/\/mairie-manigod.fr\/#\/schema\/logo\/image\/","url":"https:\/\/mairie-manigod.fr\/wp-content\/uploads\/2020\/07\/7a01fa1aef2ad52e483cbec5e2883795a6877f38-2nb.png","contentUrl":"https:\/\/mairie-manigod.fr\/wp-content\/uploads\/2020\/07\/7a01fa1aef2ad52e483cbec5e2883795a6877f38-2nb.png","width":1480,"height":419,"caption":"Mairie de Manigod"},"image":{"@id":"https:\/\/mairie-manigod.fr\/#\/schema\/logo\/image\/"}}]}},"publishpress_future_action":{"enabled":false,"date":"1970-01-01 01:00:00","action":"","terms":[],"taxonomy":"","browser_timezone_offset":0},"_links":{"self":[{"href":"https:\/\/mairie-manigod.fr\/index.php\/wp-json\/wp\/v2\/pages\/823","targetHints":{"allow":["GET"]}}],"collection":[{"href":"https:\/\/mairie-manigod.fr\/index.php\/wp-json\/wp\/v2\/pages"}],"about":[{"href":"https:\/\/mairie-manigod.fr\/index.php\/wp-json\/wp\/v2\/types\/page"}],"author":[{"embeddable":true,"href":"https:\/\/mairie-manigod.fr\/index.php\/wp-json\/wp\/v2\/users\/1"}],"replies":[{"embeddable":true,"href":"https:\/\/mairie-manigod.fr\/index.php\/wp-json\/wp\/v2\/comments?post=823"}],"version-history":[{"count":57,"href":"https:\/\/mairie-manigod.fr\/index.php\/wp-json\/wp\/v2\/pages\/823\/revisions"}],"predecessor-version":[{"id":8085,"href":"https:\/\/mairie-manigod.fr\/index.php\/wp-json\/wp\/v2\/pages\/823\/revisions\/8085"}],"wp:featuredmedia":[{"embeddable":true,"href":"https:\/\/mairie-manigod.fr\/index.php\/wp-json\/wp\/v2\/media\/5857"}],"wp:attachment":[{"href":"https:\/\/mairie-manigod.fr\/index.php\/wp-json\/wp\/v2\/media?parent=823"}],"curies":[{"name":"wp","href":"https:\/\/api.w.org\/{rel}","templated":true}]}}