{"id":6555,"date":"2023-02-09T21:48:24","date_gmt":"2023-02-09T20:48:24","guid":{"rendered":"https:\/\/mairie-manigod.fr\/?page_id=6555"},"modified":"2024-02-14T18:57:56","modified_gmt":"2024-02-14T17:57:56","slug":"magazine-municipal","status":"publish","type":"page","link":"https:\/\/mairie-manigod.fr\/index.php\/a-propos-de-manigod\/magazine-municipal\/","title":{"rendered":"Magazine municipal"},"content":{"rendered":"\t\t<div data-elementor-type=\"wp-page\" data-elementor-id=\"6555\" class=\"elementor elementor-6555\">\n\t\t\t\t\t\t\t\t\t<section class=\"elementor-section elementor-top-section elementor-element elementor-element-049d244 elementor-section-boxed elementor-section-height-default elementor-section-height-default\" data-id=\"049d244\" data-element_type=\"section\">\n\t\t\t\t\t\t<div class=\"elementor-container elementor-column-gap-default\">\n\t\t\t\t\t<div class=\"elementor-column elementor-col-50 elementor-top-column elementor-element elementor-element-79cd7bc\" data-id=\"79cd7bc\" data-element_type=\"column\">\n\t\t\t<div class=\"elementor-widget-wrap elementor-element-populated\">\n\t\t\t\t\t\t\t\t<div class=\"elementor-element elementor-element-a673ea2 elementor-widget elementor-widget-heading\" data-id=\"a673ea2\" data-element_type=\"widget\" data-widget_type=\"heading.default\">\n\t\t\t\t<div class=\"elementor-widget-container\">\n\t\t\t<style>\/*! elementor - v3.10.2 - 29-01-2023 *\/\n.elementor-heading-title{padding:0;margin:0;line-height:1}.elementor-widget-heading .elementor-heading-title[class*=elementor-size-]>a{color:inherit;font-size:inherit;line-height:inherit}.elementor-widget-heading .elementor-heading-title.elementor-size-small{font-size:15px}.elementor-widget-heading .elementor-heading-title.elementor-size-medium{font-size:19px}.elementor-widget-heading .elementor-heading-title.elementor-size-large{font-size:29px}.elementor-widget-heading .elementor-heading-title.elementor-size-xl{font-size:39px}.elementor-widget-heading .elementor-heading-title.elementor-size-xxl{font-size:59px}<\/style><h2 class=\"elementor-heading-title elementor-size-default\">LE M <\/h2>\t\t<\/div>\n\t\t\t\t<\/div>\n\t\t\t\t<div class=\"elementor-element elementor-element-5c5099d elementor-widget elementor-widget-heading\" data-id=\"5c5099d\" data-element_type=\"widget\" data-widget_type=\"heading.default\">\n\t\t\t\t<div class=\"elementor-widget-container\">\n\t\t\t<h3 class=\"elementor-heading-title elementor-size-default\">Magazine Municipal de Manigod<\/h3>\t\t<\/div>\n\t\t\t\t<\/div>\n\t\t\t\t<div class=\"elementor-element elementor-element-735ab5c elementor-widget elementor-widget-text-editor\" data-id=\"735ab5c\" data-element_type=\"widget\" data-widget_type=\"text-editor.default\">\n\t\t\t\t<div class=\"elementor-widget-container\">\n\t\t\t<style>\/*! elementor - v3.10.2 - 29-01-2023 *\/\n.elementor-widget-text-editor.elementor-drop-cap-view-stacked .elementor-drop-cap{background-color:#818a91;color:#fff}.elementor-widget-text-editor.elementor-drop-cap-view-framed .elementor-drop-cap{color:#818a91;border:3px solid;background-color:transparent}.elementor-widget-text-editor:not(.elementor-drop-cap-view-default) .elementor-drop-cap{margin-top:8px}.elementor-widget-text-editor:not(.elementor-drop-cap-view-default) .elementor-drop-cap-letter{width:1em;height:1em}.elementor-widget-text-editor .elementor-drop-cap{float:left;text-align:center;line-height:1;font-size:50px}.elementor-widget-text-editor .elementor-drop-cap-letter{display:inline-block}<\/style>\t\t\t\t<p><span style=\"color: #202b5d;\">Chaque trimestre la Mairie de Manigod \u00e9dite son Magazine Municipal, appel\u00e9 couramment Le M.<\/span><\/p>\t\t\t\t\t\t<\/div>\n\t\t\t\t<\/div>\n\t\t\t\t<div class=\"elementor-element elementor-element-dab931d elementor-widget elementor-widget-text-editor\" data-id=\"dab931d\" data-element_type=\"widget\" data-widget_type=\"text-editor.default\">\n\t\t\t\t<div class=\"elementor-widget-container\">\n\t\t\t\t\t\t\t<p>Au travers de ses pages vous pouvez retrouver les informations importantes transmises par chaque commission mais aussi des t\u00e9moignages de Manigodins, des focus sur des sujets d&#8217;actualit\u00e9s, des dossiers d&#8217;informations et bien plus encore !<\/p><p>Pour les habitants qui ne souhaitent pas recevoir le M, merci de porter l\u2019indication \u201cPas de M\u201d sur votre boite aux lettres.<\/p>\t\t\t\t\t\t<\/div>\n\t\t\t\t<\/div>\n\t\t\t\t\t<\/div>\n\t\t<\/div>\n\t\t\t\t<div class=\"elementor-column elementor-col-50 elementor-top-column elementor-element elementor-element-0f67ec9\" data-id=\"0f67ec9\" data-element_type=\"column\">\n\t\t\t<div class=\"elementor-widget-wrap elementor-element-populated\">\n\t\t\t\t\t\t\t\t<div class=\"elementor-element elementor-element-8df5b77 elementor-arrows-position-inside elementor-pagination-position-outside elementor-widget elementor-widget-image-carousel\" data-id=\"8df5b77\" data-element_type=\"widget\" data-settings=\"{&quot;slides_to_show&quot;:&quot;1&quot;,&quot;navigation&quot;:&quot;both&quot;,&quot;autoplay&quot;:&quot;yes&quot;,&quot;pause_on_hover&quot;:&quot;yes&quot;,&quot;pause_on_interaction&quot;:&quot;yes&quot;,&quot;autoplay_speed&quot;:5000,&quot;infinite&quot;:&quot;yes&quot;,&quot;effect&quot;:&quot;slide&quot;,&quot;speed&quot;:500}\" data-widget_type=\"image-carousel.default\">\n\t\t\t\t<div class=\"elementor-widget-container\">\n\t\t\t<style>\/*! elementor - v3.10.2 - 29-01-2023 *\/\n.elementor-widget-image-carousel .swiper-container{position:static}.elementor-widget-image-carousel .swiper-container .swiper-slide figure{line-height:inherit}.elementor-widget-image-carousel .swiper-slide{text-align:center}.elementor-image-carousel-wrapper:not(.swiper-container-initialized) .swiper-slide{max-width:calc(100% \/ var(--e-image-carousel-slides-to-show, 3))}<\/style>\t\t<div class=\"elementor-image-carousel-wrapper swiper-container\" dir=\"ltr\">\n\t\t\t<div class=\"elementor-image-carousel swiper-wrapper\">\n\t\t\t\t\t\t\t\t<div class=\"swiper-slide\"><a data-elementor-open-lightbox=\"yes\" data-elementor-lightbox-slideshow=\"8df5b77\" data-elementor-lightbox-title=\"20230217_112542 (1)\" e-action-hash=\"#elementor-action%3Aaction%3Dlightbox%26settings%3DeyJpZCI6ODM5MywidXJsIjoiaHR0cHM6XC9cL21haXJpZS1tYW5pZ29kLmZyXC93cC1jb250ZW50XC91cGxvYWRzXC8yMDIwXC8xMVwvMjAyMzAyMTdfMTEyNTQyLTEtc2NhbGVkLWUxNjc4NDY0NTQ5NzU0LmpwZyIsInNsaWRlc2hvdyI6IjhkZjViNzcifQ%3D%3D\" href=\"https:\/\/mairie-manigod.fr\/wp-content\/uploads\/2020\/11\/20230217_112542-1-scaled-e1678464549754.jpg\"><figure class=\"swiper-slide-inner\"><img decoding=\"async\" class=\"swiper-slide-image\" src=\"https:\/\/mairie-manigod.fr\/wp-content\/uploads\/2020\/11\/20230217_112542-1-scaled-e1678464549754-1024x985.jpg\" alt=\"20230217_112542 (1)\" \/><\/figure><\/a><\/div>\t\t\t<\/div>\n\t\t\t\t\t<\/div>\n\t\t\t\t<\/div>\n\t\t\t\t<\/div>\n\t\t\t\t\t<\/div>\n\t\t<\/div>\n\t\t\t\t\t\t\t<\/div>\n\t\t<\/section>\n\t\t\t\t<section class=\"elementor-section elementor-top-section elementor-element elementor-element-7c5924e elementor-section-boxed elementor-section-height-default elementor-section-height-default\" data-id=\"7c5924e\" data-element_type=\"section\">\n\t\t\t\t\t\t<div class=\"elementor-container elementor-column-gap-default\">\n\t\t\t\t\t<div class=\"elementor-column elementor-col-100 elementor-top-column elementor-element elementor-element-f94feff\" data-id=\"f94feff\" data-element_type=\"column\">\n\t\t\t<div class=\"elementor-widget-wrap elementor-element-populated\">\n\t\t\t\t\t\t\t\t<div class=\"elementor-element elementor-element-c4708d0 elementor-widget elementor-widget-text-editor\" data-id=\"c4708d0\" data-element_type=\"widget\" data-widget_type=\"text-editor.default\">\n\t\t\t\t<div class=\"elementor-widget-container\">\n\t\t\t\t\t\t\t\t\t\t\t\t\t<\/div>\n\t\t\t\t<\/div>\n\t\t\t\t<div class=\"elementor-element elementor-element-25a310c underline elementor-widget elementor-widget-heading\" data-id=\"25a310c\" data-element_type=\"widget\" data-widget_type=\"heading.default\">\n\t\t\t\t<div class=\"elementor-widget-container\">\n\t\t\t<h2 class=\"elementor-heading-title elementor-size-default\">Les derni\u00e8res parutions<\/h2>\t\t<\/div>\n\t\t\t\t<\/div>\n\t\t\t\t<div class=\"elementor-element elementor-element-8ffb201 elementor-widget elementor-widget-wpfd_choose_category\" data-id=\"8ffb201\" data-element_type=\"widget\" data-widget_type=\"wpfd_choose_category.default\">\n\t\t\t\t<div class=\"elementor-widget-container\">\n\t\t\t<div id=\"wpfd-elementor-category\" class=\"wpfd-elementor-category\"><div class=\"wpfd-content wpfd-content-default wpfd-content-multi\" data-category=\"128\"             style=\"background-color: rgba(255, 255, 255, 0)\"><input type=\"hidden\" id=\"current_category_128\" value=\"128\" \/>                    <input type=\"hidden\" id=\"current_category_slug_128\" value=\"docs-magazine-municipal-m\" \/>                    <input type=\"hidden\" id=\"current_ordering_128\" value=\"ordering\" \/>                    <input type=\"hidden\" id=\"current_ordering_direction_128\" value=\"asc\" \/>                    <input type=\"hidden\" id=\"page_limit_128\" value=\"10\" \/><input type=\"hidden\" id=\"wpfd_display_empty_category_message\" value=\"1\" \/><input type=\"hidden\" id=\"wpfd_empty_category_message_val\" value=\"Cette cat\u00e9gorie ne contient aucun fichier\" \/><input type=\"hidden\" id=\"wpfd_display_empty_folder\" value=\"0\" \/><input type=\"hidden\" id=\"wpfd_is_empty_subcategories\" value=\"1\" \/><input type=\"hidden\" id=\"wpfd_is_empty_files\" value=\"1\" \/><input type=\"hidden\" id=\"wpfd_root_category_theme\" class=\"wpfd_root_category_theme\" value=\"default\" \/>    <script type=\"text\/x-handlebars-template\" class=\"wpfd-template-files\">        {{#if files }}        <div class=\"wpfd_list\">            {{#each files}}            <div class=\"file\" style=\"margin : 10px 10px 10px 10px;\" data-id=\"{{ID}}\" data-catid=\"{{catid}}\">                <div class=\"filecontent\">                    {{#if file_custom_icon}}                    <div class=\"icon-custom\"><img decoding=\"async\" src=\"{{file_custom_icon}}\" \/><\/div>                    {{else}}                    <div class=\"ext ext-{{ext}} wpfd-icon-set-svg\"><span class=\"txt\">{{ext}}<\/span><\/div>                    {{\/if}}<h3><a href=\"{{linkdownload}}\"  class=\"wpfd_downloadlink\" title=\"{{post_title}}\" target=\"{{#if remote_file}}_blank{{\/if}}\">{{{crop_title}}}<\/a><\/h3>                    <div class=\"file-xinfo\">                        {{#if description}}<div class=\"file-desc\">{{{description}}}<\/div>{{\/if}}                    <\/div>                <\/div>                <span class=\"file-right\">                    <a class=\"downloadlink wpfd_downloadlink\"  href=\"{{linkdownload}}\" style=\"background-color:rgba(27, 54, 93, 1);color:#ffffff;\" target=\"{{#if remote_file}}_blank{{\/if}}\">T\u00e9l\u00e9charger<i class=\"zmdi zmdi-cloud-download wpfd-download\"><\/i><\/a>{{#if openpdflink}}<a class=\"openlink wpfdlightbox wpfd_previewlink\" href=\"{{openpdflink}}\" target=\"\">Aper\u00e7u                            <i class=\"zmdi zmdi-filter-center-focus wpfd-preview\"><\/i>                        <\/a>{{else}}{{#if viewerlink}}<a                            href=\"{{viewerlink}}\"                            class=\"openlink wpfdlightbox wpfd_previewlink\"                            target=\"\"                            data-id=\"{{ID}}\"                            data-catid=\"{{catid}}\"                            data-file-type=\"{{ext}}\">Aper\u00e7u<i class=\"zmdi zmdi-filter-center-focus wpfd-preview\"><\/i>                        <\/a>{{\/if}}{{\/if}}                <\/span>            <\/div>            {{\/each}}            <div class=\"file flex_span\" style=\"margin : 10px 10px 10px 10px;\"><\/div>        <\/div>        {{\/if}}    <\/script><div class=\"wpfd-container\">        <div class=\"wpfd-open-tree\"><\/div>    <div class=\"wpfd-container-default \">        <div class=\"wpfd-categories hide\"><div class=\"wpfd-category-desc\"><\/div><\/div>                    <div class=\"wpfd_list\">                                                        <div class=\"file\" style=\"margin : 10px 10px 10px 10px;\"                         data-id=\"11649\"                         data-catid=\"128\">                            <div class=\"filecontent\">                                <div class=\"ext ext-pdf wpfd-icon-set-svg\"><span class=\"txt\">pdf<\/span><\/div><h3><a href=\"https:\/\/mairie-manigod.fr\/index.php\/download\/128\/docs-magazine-municipal-m\/11649\/magazine-municipal-de-manigod-n-17-decembre-2025.pdf\"  class=\"wpfd_downloadlink\" title=\"Magazine Municipal de Manigod n\u00b0 17 - D\u00e9cembre 2025\" target=\"\">Magazine Municipal de Manigod n\u00b0 17 - D\u00e9cembre 2025<\/a><\/h3>                                <div class=\"file-xinfo\">                                    <div class=\"file-desc\"><\/div>                                <\/div>                            <\/div>                            <div class=\"file-right\">                                <a class=\"downloadlink wpfd_downloadlink\"  href=\"https:\/\/mairie-manigod.fr\/index.php\/download\/128\/docs-magazine-municipal-m\/11649\/magazine-municipal-de-manigod-n-17-decembre-2025.pdf\" style=\"background-color:rgba(27, 54, 93, 1);color:#ffffff;\" target=\"\">T\u00e9l\u00e9charger<i class=\"zmdi zmdi-cloud-download wpfd-download\"><\/i><\/a><a                            href=\"https:\/\/docs.google.com\/viewer?url=https%3A%2F%2Fmairie-manigod.fr%2Fwp-admin%2Fadmin-ajax.php%3Fjuwpfisadmin%3Dfalse%26action%3Dwpfd%26task%3Dfile.download%26wpfd_category_id%3D128%26wpfd_file_id%3D11649%26token%3D%26preview%3D1&#038;embedded=true\"                            class=\"openlink wpfdlightbox wpfd_previewlink\"                            target=\"\"                            data-id=\"11649\"                            data-catid=\"128\"                            data-file-type=\"pdf\">Aper\u00e7u<i class=\"zmdi zmdi-filter-center-focus wpfd-preview\"><\/i>                        <\/a>                            <\/div>                    <\/div>                                                                            <div class=\"file\" style=\"margin : 10px 10px 10px 10px;\"                         data-id=\"11277\"                         data-catid=\"128\">                            <div class=\"filecontent\">                                <div class=\"ext ext-pdf wpfd-icon-set-svg\"><span class=\"txt\">pdf<\/span><\/div><h3><a href=\"https:\/\/mairie-manigod.fr\/index.php\/download\/128\/docs-magazine-municipal-m\/11277\/magazine-municipal-de-manigod-n16-juillet-2025.pdf\"  class=\"wpfd_downloadlink\" title=\"Magazine Municipal de Manigod n\u00b016 - Juillet 2025\" target=\"\">Magazine Municipal de Manigod n\u00b016 - Juillet 2025<\/a><\/h3>                                <div class=\"file-xinfo\">                                    <div class=\"file-desc\"><\/div>                                <\/div>                            <\/div>                            <div class=\"file-right\">                                <a class=\"downloadlink wpfd_downloadlink\"  href=\"https:\/\/mairie-manigod.fr\/index.php\/download\/128\/docs-magazine-municipal-m\/11277\/magazine-municipal-de-manigod-n16-juillet-2025.pdf\" style=\"background-color:rgba(27, 54, 93, 1);color:#ffffff;\" target=\"\">T\u00e9l\u00e9charger<i class=\"zmdi zmdi-cloud-download wpfd-download\"><\/i><\/a><a                            href=\"https:\/\/docs.google.com\/viewer?url=https%3A%2F%2Fmairie-manigod.fr%2Fwp-admin%2Fadmin-ajax.php%3Fjuwpfisadmin%3Dfalse%26action%3Dwpfd%26task%3Dfile.download%26wpfd_category_id%3D128%26wpfd_file_id%3D11277%26token%3D%26preview%3D1&#038;embedded=true\"                            class=\"openlink wpfdlightbox wpfd_previewlink\"                            target=\"\"                            data-id=\"11277\"                            data-catid=\"128\"                            data-file-type=\"pdf\">Aper\u00e7u<i class=\"zmdi zmdi-filter-center-focus wpfd-preview\"><\/i>                        <\/a>                            <\/div>                    <\/div>                                                                            <div class=\"file\" style=\"margin : 10px 10px 10px 10px;\"                         data-id=\"11036\"                         data-catid=\"128\">                            <div class=\"filecontent\">                                <div class=\"ext ext-pdf wpfd-icon-set-svg\"><span class=\"txt\">pdf<\/span><\/div><h3><a href=\"https:\/\/mairie-manigod.fr\/index.php\/download\/128\/docs-magazine-municipal-m\/11036\/magazine-municipal-de-manigod-n15-avril-2025.pdf\"  class=\"wpfd_downloadlink\" title=\"Magazine Municipal de Manigod n\u00b015 - Avril 2025\" target=\"\">Magazine Municipal de Manigod n\u00b015 - Avril 2025<\/a><\/h3>                                <div class=\"file-xinfo\">                                    <div class=\"file-desc\"><\/div>                                <\/div>                            <\/div>                            <div class=\"file-right\">                                <a class=\"downloadlink wpfd_downloadlink\"  href=\"https:\/\/mairie-manigod.fr\/index.php\/download\/128\/docs-magazine-municipal-m\/11036\/magazine-municipal-de-manigod-n15-avril-2025.pdf\" style=\"background-color:rgba(27, 54, 93, 1);color:#ffffff;\" target=\"\">T\u00e9l\u00e9charger<i class=\"zmdi zmdi-cloud-download wpfd-download\"><\/i><\/a><a                            href=\"https:\/\/docs.google.com\/viewer?url=https%3A%2F%2Fmairie-manigod.fr%2Fwp-admin%2Fadmin-ajax.php%3Fjuwpfisadmin%3Dfalse%26action%3Dwpfd%26task%3Dfile.download%26wpfd_category_id%3D128%26wpfd_file_id%3D11036%26token%3D%26preview%3D1&#038;embedded=true\"                            class=\"openlink wpfdlightbox wpfd_previewlink\"                            target=\"\"                            data-id=\"11036\"                            data-catid=\"128\"                            data-file-type=\"pdf\">Aper\u00e7u<i class=\"zmdi zmdi-filter-center-focus wpfd-preview\"><\/i>                        <\/a>                            <\/div>                    <\/div>                                                                            <div class=\"file\" style=\"margin : 10px 10px 10px 10px;\"                         data-id=\"10676\"                         data-catid=\"128\">                            <div class=\"filecontent\">                                <div class=\"ext ext-pdf wpfd-icon-set-svg\"><span class=\"txt\">pdf<\/span><\/div><h3><a href=\"https:\/\/mairie-manigod.fr\/index.php\/download\/128\/docs-magazine-municipal-m\/10676\/magazine-municipal-de-manigod-n14-novembre-2024.pdf\"  class=\"wpfd_downloadlink\" title=\"Magazine Municipal de Manigod n\u00b014 - Novembre 2024\" target=\"\">Magazine Municipal de Manigod n\u00b014 - Novembre 2024<\/a><\/h3>                                <div class=\"file-xinfo\">                                    <div class=\"file-desc\"><\/div>                                <\/div>                            <\/div>                            <div class=\"file-right\">                                <a class=\"downloadlink wpfd_downloadlink\"  href=\"https:\/\/mairie-manigod.fr\/index.php\/download\/128\/docs-magazine-municipal-m\/10676\/magazine-municipal-de-manigod-n14-novembre-2024.pdf\" style=\"background-color:rgba(27, 54, 93, 1);color:#ffffff;\" target=\"\">T\u00e9l\u00e9charger<i class=\"zmdi zmdi-cloud-download wpfd-download\"><\/i><\/a><a                            href=\"https:\/\/docs.google.com\/viewer?url=https%3A%2F%2Fmairie-manigod.fr%2Fwp-admin%2Fadmin-ajax.php%3Fjuwpfisadmin%3Dfalse%26action%3Dwpfd%26task%3Dfile.download%26wpfd_category_id%3D128%26wpfd_file_id%3D10676%26token%3D%26preview%3D1&#038;embedded=true\"                            class=\"openlink wpfdlightbox wpfd_previewlink\"                            target=\"\"                            data-id=\"10676\"                            data-catid=\"128\"                            data-file-type=\"pdf\">Aper\u00e7u<i class=\"zmdi zmdi-filter-center-focus wpfd-preview\"><\/i>                        <\/a>                            <\/div>                    <\/div>                                                                            <div class=\"file\" style=\"margin : 10px 10px 10px 10px;\"                         data-id=\"10411\"                         data-catid=\"128\">                            <div class=\"filecontent\">                                <div class=\"ext ext-pdf wpfd-icon-set-svg\"><span class=\"txt\">pdf<\/span><\/div><h3><a href=\"https:\/\/mairie-manigod.fr\/index.php\/download\/128\/docs-magazine-municipal-m\/10411\/magazine-municipal-de-manigod-n13-juillet-2024.pdf\"  class=\"wpfd_downloadlink\" title=\"Magazine Municipal de Manigod n\u00b013 - Juillet 2024\" target=\"\">Magazine Municipal de Manigod n\u00b013 - Juillet 2024<\/a><\/h3>                                <div class=\"file-xinfo\">                                    <div class=\"file-desc\"><\/div>                                <\/div>                            <\/div>                            <div class=\"file-right\">                                <a class=\"downloadlink wpfd_downloadlink\"  href=\"https:\/\/mairie-manigod.fr\/index.php\/download\/128\/docs-magazine-municipal-m\/10411\/magazine-municipal-de-manigod-n13-juillet-2024.pdf\" style=\"background-color:rgba(27, 54, 93, 1);color:#ffffff;\" target=\"\">T\u00e9l\u00e9charger<i class=\"zmdi zmdi-cloud-download wpfd-download\"><\/i><\/a><a                            href=\"https:\/\/docs.google.com\/viewer?url=https%3A%2F%2Fmairie-manigod.fr%2Fwp-admin%2Fadmin-ajax.php%3Fjuwpfisadmin%3Dfalse%26action%3Dwpfd%26task%3Dfile.download%26wpfd_category_id%3D128%26wpfd_file_id%3D10411%26token%3D%26preview%3D1&#038;embedded=true\"                            class=\"openlink wpfdlightbox wpfd_previewlink\"                            target=\"\"                            data-id=\"10411\"                            data-catid=\"128\"                            data-file-type=\"pdf\">Aper\u00e7u<i class=\"zmdi zmdi-filter-center-focus wpfd-preview\"><\/i>                        <\/a>                            <\/div>                    <\/div>                                                                            <div class=\"file\" style=\"margin : 10px 10px 10px 10px;\"                         data-id=\"10138\"                         data-catid=\"128\">                            <div class=\"filecontent\">                                <div class=\"ext ext-pdf wpfd-icon-set-svg\"><span class=\"txt\">pdf<\/span><\/div><h3><a href=\"https:\/\/mairie-manigod.fr\/index.php\/download\/128\/docs-magazine-municipal-m\/10138\/magazine-municipal-de-manigod-n12-mars-2024.pdf\"  class=\"wpfd_downloadlink\" title=\"Magazine Municipal de Manigod n\u00b012 - Mars 2024\" target=\"\">Magazine Municipal de Manigod n\u00b012 - Mars 2024<\/a><\/h3>                                <div class=\"file-xinfo\">                                    <div class=\"file-desc\"><\/div>                                <\/div>                            <\/div>                            <div class=\"file-right\">                                <a class=\"downloadlink wpfd_downloadlink\"  href=\"https:\/\/mairie-manigod.fr\/index.php\/download\/128\/docs-magazine-municipal-m\/10138\/magazine-municipal-de-manigod-n12-mars-2024.pdf\" style=\"background-color:rgba(27, 54, 93, 1);color:#ffffff;\" target=\"\">T\u00e9l\u00e9charger<i class=\"zmdi zmdi-cloud-download wpfd-download\"><\/i><\/a><a                            href=\"https:\/\/docs.google.com\/viewer?url=https%3A%2F%2Fmairie-manigod.fr%2Fwp-admin%2Fadmin-ajax.php%3Fjuwpfisadmin%3Dfalse%26action%3Dwpfd%26task%3Dfile.download%26wpfd_category_id%3D128%26wpfd_file_id%3D10138%26token%3D%26preview%3D1&#038;embedded=true\"                            class=\"openlink wpfdlightbox wpfd_previewlink\"                            target=\"\"                            data-id=\"10138\"                            data-catid=\"128\"                            data-file-type=\"pdf\">Aper\u00e7u<i class=\"zmdi zmdi-filter-center-focus wpfd-preview\"><\/i>                        <\/a>                            <\/div>                    <\/div>                                                                            <div class=\"file\" style=\"margin : 10px 10px 10px 10px;\"                         data-id=\"9637\"                         data-catid=\"128\">                            <div class=\"filecontent\">                                <div class=\"ext ext-pdf wpfd-icon-set-svg\"><span class=\"txt\">pdf<\/span><\/div><h3><a href=\"https:\/\/mairie-manigod.fr\/index.php\/download\/128\/docs-magazine-municipal-m\/9637\/magazine-municipal-de-manigod-n11-decembre-2023.pdf\"  class=\"wpfd_downloadlink\" title=\"Magazine Municipal de Manigod n\u00b011 - D\u00e9cembre 2023\" target=\"\">Magazine Municipal de Manigod n\u00b011 - D\u00e9cembre 2023<\/a><\/h3>                                <div class=\"file-xinfo\">                                    <div class=\"file-desc\"><\/div>                                <\/div>                            <\/div>                            <div class=\"file-right\">                                <a class=\"downloadlink wpfd_downloadlink\"  href=\"https:\/\/mairie-manigod.fr\/index.php\/download\/128\/docs-magazine-municipal-m\/9637\/magazine-municipal-de-manigod-n11-decembre-2023.pdf\" style=\"background-color:rgba(27, 54, 93, 1);color:#ffffff;\" target=\"\">T\u00e9l\u00e9charger<i class=\"zmdi zmdi-cloud-download wpfd-download\"><\/i><\/a><a                            href=\"https:\/\/docs.google.com\/viewer?url=https%3A%2F%2Fmairie-manigod.fr%2Fwp-admin%2Fadmin-ajax.php%3Fjuwpfisadmin%3Dfalse%26action%3Dwpfd%26task%3Dfile.download%26wpfd_category_id%3D128%26wpfd_file_id%3D9637%26token%3D%26preview%3D1&#038;embedded=true\"                            class=\"openlink wpfdlightbox wpfd_previewlink\"                            target=\"\"                            data-id=\"9637\"                            data-catid=\"128\"                            data-file-type=\"pdf\">Aper\u00e7u<i class=\"zmdi zmdi-filter-center-focus wpfd-preview\"><\/i>                        <\/a>                            <\/div>                    <\/div>                                                                            <div class=\"file\" style=\"margin : 10px 10px 10px 10px;\"                         data-id=\"9258\"                         data-catid=\"128\">                            <div class=\"filecontent\">                                <div class=\"ext ext-pdf wpfd-icon-set-svg\"><span class=\"txt\">pdf<\/span><\/div><h3><a href=\"https:\/\/mairie-manigod.fr\/index.php\/download\/128\/docs-magazine-municipal-m\/9258\/magazine-municipal-de-manigod-n10-juillet-2023.pdf\"  class=\"wpfd_downloadlink\" title=\"Magazine Municipal de Manigod n\u00b010 - Juillet 2023\" target=\"\">Magazine Municipal de Manigod n\u00b010 - Juillet 2023<\/a><\/h3>                                <div class=\"file-xinfo\">                                    <div class=\"file-desc\"><\/div>                                <\/div>                            <\/div>                            <div class=\"file-right\">                                <a class=\"downloadlink wpfd_downloadlink\"  href=\"https:\/\/mairie-manigod.fr\/index.php\/download\/128\/docs-magazine-municipal-m\/9258\/magazine-municipal-de-manigod-n10-juillet-2023.pdf\" style=\"background-color:rgba(27, 54, 93, 1);color:#ffffff;\" target=\"\">T\u00e9l\u00e9charger<i class=\"zmdi zmdi-cloud-download wpfd-download\"><\/i><\/a><a                            href=\"https:\/\/docs.google.com\/viewer?url=https%3A%2F%2Fmairie-manigod.fr%2Fwp-admin%2Fadmin-ajax.php%3Fjuwpfisadmin%3Dfalse%26action%3Dwpfd%26task%3Dfile.download%26wpfd_category_id%3D128%26wpfd_file_id%3D9258%26token%3D%26preview%3D1&#038;embedded=true\"                            class=\"openlink wpfdlightbox wpfd_previewlink\"                            target=\"\"                            data-id=\"9258\"                            data-catid=\"128\"                            data-file-type=\"pdf\">Aper\u00e7u<i class=\"zmdi zmdi-filter-center-focus wpfd-preview\"><\/i>                        <\/a>                            <\/div>                    <\/div>                                                                            <div class=\"file\" style=\"margin : 10px 10px 10px 10px;\"                         data-id=\"8577\"                         data-catid=\"128\">                            <div class=\"filecontent\">                                <div class=\"ext ext-pdf wpfd-icon-set-svg\"><span class=\"txt\">pdf<\/span><\/div><h3><a href=\"https:\/\/mairie-manigod.fr\/index.php\/download\/128\/docs-magazine-municipal-m\/8577\/magazine-municipal-de-manigod-n9-mars-2023.pdf\"  class=\"wpfd_downloadlink\" title=\"Magazine Municipal de Manigod N\u00b09 - Mars 2023\" target=\"\">Magazine Municipal de Manigod N\u00b09 - Mars 2023<\/a><\/h3>                                <div class=\"file-xinfo\">                                    <div class=\"file-desc\"><\/div>                                <\/div>                            <\/div>                            <div class=\"file-right\">                                <a class=\"downloadlink wpfd_downloadlink\"  href=\"https:\/\/mairie-manigod.fr\/index.php\/download\/128\/docs-magazine-municipal-m\/8577\/magazine-municipal-de-manigod-n9-mars-2023.pdf\" style=\"background-color:rgba(27, 54, 93, 1);color:#ffffff;\" target=\"\">T\u00e9l\u00e9charger<i class=\"zmdi zmdi-cloud-download wpfd-download\"><\/i><\/a><a                            href=\"https:\/\/docs.google.com\/viewer?url=https%3A%2F%2Fmairie-manigod.fr%2Fwp-admin%2Fadmin-ajax.php%3Fjuwpfisadmin%3Dfalse%26action%3Dwpfd%26task%3Dfile.download%26wpfd_category_id%3D128%26wpfd_file_id%3D8577%26token%3D%26preview%3D1&#038;embedded=true\"                            class=\"openlink wpfdlightbox wpfd_previewlink\"                            target=\"\"                            data-id=\"8577\"                            data-catid=\"128\"                            data-file-type=\"pdf\">Aper\u00e7u<i class=\"zmdi zmdi-filter-center-focus wpfd-preview\"><\/i>                        <\/a>                            <\/div>                    <\/div>                                                                            <div class=\"file\" style=\"margin : 10px 10px 10px 10px;\"                         data-id=\"6571\"                         data-catid=\"128\">                            <div class=\"filecontent\">                                <div class=\"ext ext-pdf wpfd-icon-set-svg\"><span class=\"txt\">pdf<\/span><\/div><h3><a href=\"https:\/\/mairie-manigod.fr\/index.php\/download\/128\/docs-magazine-municipal-m\/6571\/magazine-municipal-de-manigod-n8-novembre-2022.pdf\"  class=\"wpfd_downloadlink\" title=\"Magazine Municipal de Manigod N\u00b08 - Novembre 2022\" target=\"\">Magazine Municipal de Manigod N\u00b08 - Novembre 2022<\/a><\/h3>                                <div class=\"file-xinfo\">                                    <div class=\"file-desc\"><\/div>                                <\/div>                            <\/div>                            <div class=\"file-right\">                                <a class=\"downloadlink wpfd_downloadlink\"  href=\"https:\/\/mairie-manigod.fr\/index.php\/download\/128\/docs-magazine-municipal-m\/6571\/magazine-municipal-de-manigod-n8-novembre-2022.pdf\" style=\"background-color:rgba(27, 54, 93, 1);color:#ffffff;\" target=\"\">T\u00e9l\u00e9charger<i class=\"zmdi zmdi-cloud-download wpfd-download\"><\/i><\/a><a                            href=\"https:\/\/docs.google.com\/viewer?url=https%3A%2F%2Fmairie-manigod.fr%2Fwp-admin%2Fadmin-ajax.php%3Fjuwpfisadmin%3Dfalse%26action%3Dwpfd%26task%3Dfile.download%26wpfd_category_id%3D128%26wpfd_file_id%3D6571%26token%3D%26preview%3D1&#038;embedded=true\"                            class=\"openlink wpfdlightbox wpfd_previewlink\"                            target=\"\"                            data-id=\"6571\"                            data-catid=\"128\"                            data-file-type=\"pdf\">Aper\u00e7u<i class=\"zmdi zmdi-filter-center-focus wpfd-preview\"><\/i>                        <\/a>                            <\/div>                    <\/div>                                                    <div class=\"file flex_span\" style=\"margin : 10px 10px 10px 10px;\"><\/div>            <\/div>                    <\/div><\/div><\/div><div class='wpfd-pagination'>\n\t<span class='page-numbers current'>1<\/span>\n<a class='page-numbers' data-page='2' data-sourcecat='128'>2<\/a>\n<a class='next page-numbers' data-page='2' data-sourcecat='128'>Suivant &raquo;<\/a>\n<\/div>\n<\/div>\t\t<\/div>\n\t\t\t\t<\/div>\n\t\t\t\t\t<\/div>\n\t\t<\/div>\n\t\t\t\t\t\t\t<\/div>\n\t\t<\/section>\n\t\t\t\t<section class=\"elementor-section elementor-top-section elementor-element elementor-element-17b4b88 elementor-section-boxed elementor-section-height-default elementor-section-height-default\" data-id=\"17b4b88\" data-element_type=\"section\" data-settings=\"{&quot;background_background&quot;:&quot;classic&quot;}\">\n\t\t\t\t\t\t\t<div class=\"elementor-background-overlay\"><\/div>\n\t\t\t\t\t\t\t<div class=\"elementor-container elementor-column-gap-default\">\n\t\t\t\t\t<div class=\"elementor-column elementor-col-25 elementor-top-column elementor-element elementor-element-0f68b70\" data-id=\"0f68b70\" data-element_type=\"column\">\n\t\t\t<div class=\"elementor-widget-wrap elementor-element-populated\">\n\t\t\t\t\t\t\t\t<div class=\"elementor-element elementor-element-b407a7f ova_egovt_counter elementor-widget elementor-widget-counter\" data-id=\"b407a7f\" data-element_type=\"widget\" data-widget_type=\"counter.default\">\n\t\t\t\t<div class=\"elementor-widget-container\">\n\t\t\t<style>\/*! elementor - v3.10.2 - 29-01-2023 *\/\n.elementor-counter .elementor-counter-number-wrapper{display:flex;font-size:69px;font-weight:600;line-height:1}.elementor-counter .elementor-counter-number-prefix,.elementor-counter .elementor-counter-number-suffix{flex-grow:1;white-space:pre-wrap}.elementor-counter .elementor-counter-number-prefix{text-align:right}.elementor-counter .elementor-counter-number-suffix{text-align:left}.elementor-counter .elementor-counter-title{text-align:center;font-size:19px;font-weight:400;line-height:2.5}<\/style>\t\t<div class=\"elementor-counter\">\n\t\t\t<div class=\"elementor-counter-number-wrapper\">\n\t\t\t\t<span class=\"elementor-counter-number-prefix\"><\/span>\n\t\t\t\t<span class=\"elementor-counter-number\" data-duration=\"2000\" data-to-value=\"4412\" data-from-value=\"0\">0<\/span>\n\t\t\t\t<span class=\"elementor-counter-number-suffix\">Ha<\/span>\n\t\t\t<\/div>\n\t\t\t\t\t\t\t<div class=\"elementor-counter-title\">Vaste territoire<\/div>\n\t\t\t\t\t<\/div>\n\t\t\t\t<\/div>\n\t\t\t\t<\/div>\n\t\t\t\t\t<\/div>\n\t\t<\/div>\n\t\t\t\t<div class=\"elementor-column elementor-col-25 elementor-top-column elementor-element elementor-element-273d07d\" data-id=\"273d07d\" data-element_type=\"column\">\n\t\t\t<div class=\"elementor-widget-wrap elementor-element-populated\">\n\t\t\t\t\t\t\t\t<div class=\"elementor-element elementor-element-65f7a75 ova_egovt_counter elementor-widget elementor-widget-counter\" data-id=\"65f7a75\" data-element_type=\"widget\" data-widget_type=\"counter.default\">\n\t\t\t\t<div class=\"elementor-widget-container\">\n\t\t\t\t\t<div class=\"elementor-counter\">\n\t\t\t<div class=\"elementor-counter-number-wrapper\">\n\t\t\t\t<span class=\"elementor-counter-number-prefix\"><\/span>\n\t\t\t\t<span class=\"elementor-counter-number\" data-duration=\"2000\" data-to-value=\"2\" data-from-value=\"0\" data-delimiter=\",\">0<\/span>\n\t\t\t\t<span class=\"elementor-counter-number-suffix\"> Massifs<\/span>\n\t\t\t<\/div>\n\t\t\t\t\t\t\t<div class=\"elementor-counter-title\">La Croix Fry & Merdassier<\/div>\n\t\t\t\t\t<\/div>\n\t\t\t\t<\/div>\n\t\t\t\t<\/div>\n\t\t\t\t\t<\/div>\n\t\t<\/div>\n\t\t\t\t<div class=\"elementor-column elementor-col-25 elementor-top-column elementor-element elementor-element-27142c5\" data-id=\"27142c5\" data-element_type=\"column\">\n\t\t\t<div class=\"elementor-widget-wrap elementor-element-populated\">\n\t\t\t\t\t\t\t\t<div class=\"elementor-element elementor-element-7445a1c ova_egovt_counter elementor-widget elementor-widget-counter\" data-id=\"7445a1c\" data-element_type=\"widget\" data-widget_type=\"counter.default\">\n\t\t\t\t<div class=\"elementor-widget-container\">\n\t\t\t\t\t<div class=\"elementor-counter\">\n\t\t\t<div class=\"elementor-counter-number-wrapper\">\n\t\t\t\t<span class=\"elementor-counter-number-prefix\"><\/span>\n\t\t\t\t<span class=\"elementor-counter-number\" data-duration=\"2000\" data-to-value=\"25\" data-from-value=\"0\" data-delimiter=\",\">0<\/span>\n\t\t\t\t<span class=\"elementor-counter-number-suffix\">Km<\/span>\n\t\t\t<\/div>\n\t\t\t\t\t\t\t<div class=\"elementor-counter-title\">De Pistes<\/div>\n\t\t\t\t\t<\/div>\n\t\t\t\t<\/div>\n\t\t\t\t<\/div>\n\t\t\t\t\t<\/div>\n\t\t<\/div>\n\t\t\t\t<div class=\"elementor-column elementor-col-25 elementor-top-column elementor-element elementor-element-fab0cec\" data-id=\"fab0cec\" data-element_type=\"column\">\n\t\t\t<div class=\"elementor-widget-wrap elementor-element-populated\">\n\t\t\t\t\t\t\t\t<div class=\"elementor-element elementor-element-ad5e72c ova_egovt_counter elementor-widget elementor-widget-counter\" data-id=\"ad5e72c\" data-element_type=\"widget\" data-widget_type=\"counter.default\">\n\t\t\t\t<div class=\"elementor-widget-container\">\n\t\t\t\t\t<div class=\"elementor-counter\">\n\t\t\t<div class=\"elementor-counter-number-wrapper\">\n\t\t\t\t<span class=\"elementor-counter-number-prefix\">+<\/span>\n\t\t\t\t<span class=\"elementor-counter-number\" data-duration=\"2000\" data-to-value=\"20\" data-from-value=\"0\" data-delimiter=\",\">0<\/span>\n\t\t\t\t<span class=\"elementor-counter-number-suffix\"><\/span>\n\t\t\t<\/div>\n\t\t\t\t\t\t\t<div class=\"elementor-counter-title\">Exploitations<br>Agricoles<\/div>\n\t\t\t\t\t<\/div>\n\t\t\t\t<\/div>\n\t\t\t\t<\/div>\n\t\t\t\t\t<\/div>\n\t\t<\/div>\n\t\t\t\t\t\t\t<\/div>\n\t\t<\/section>\n\t\t\t\t<section class=\"elementor-section elementor-top-section elementor-element elementor-element-d023e91 elementor-section-boxed elementor-section-height-default elementor-section-height-default\" data-id=\"d023e91\" data-element_type=\"section\" data-settings=\"{&quot;background_background&quot;:&quot;classic&quot;}\">\n\t\t\t\t\t\t<div class=\"elementor-container elementor-column-gap-default\">\n\t\t\t\t\t<div class=\"elementor-column elementor-col-50 elementor-top-column elementor-element elementor-element-f702eaa\" data-id=\"f702eaa\" data-element_type=\"column\">\n\t\t\t<div class=\"elementor-widget-wrap elementor-element-populated\">\n\t\t\t\t\t\t\t\t<div class=\"elementor-element elementor-element-f240282 elementor-widget elementor-widget-ova_heading\" data-id=\"f240282\" data-element_type=\"widget\" data-widget_type=\"ova_heading.default\">\n\t\t\t\t<div class=\"elementor-widget-container\">\n\t\t\t\t\t<div class=\"ova-heading\">\n\t\t\t\n\t\t\t\t\t\t\t<h3 class=\"title second_font\">Ces services peuvent<br>vous int\u00e9resser<\/h3>\n\t\t\t\n\t\t\t\t\t\t\t<p class=\"sub-title \">Pour en savoir plus encore sur le Village de Manigod nous vous recommandons de lire ces quelques pages.<\/p>\n\t\t\t\n\t\t<\/div>\n\t\t\t\t<\/div>\n\t\t\t\t<\/div>\n\t\t\t\t<div class=\"elementor-element elementor-element-5dabbdd elementor-align-right elementor-widget__width-auto egovt-button-color-border-header elementor-widget elementor-widget-button\" data-id=\"5dabbdd\" data-element_type=\"widget\" data-widget_type=\"button.default\">\n\t\t\t\t<div class=\"elementor-widget-container\">\n\t\t\t\t\t<div class=\"elementor-button-wrapper\">\n\t\t\t<a href=\"https:\/\/mairie-manigod.fr\/index.php\/services-communaux\/\" class=\"elementor-button-link elementor-button elementor-size-sm\" role=\"button\">\n\t\t\t\t\t\t<span class=\"elementor-button-content-wrapper\">\n\t\t\t\t\t\t<span class=\"elementor-button-text\">D\u00e9couvrir tous les services de la Commune<\/span>\n\t\t<\/span>\n\t\t\t\t\t<\/a>\n\t\t<\/div>\n\t\t\t\t<\/div>\n\t\t\t\t<\/div>\n\t\t\t\t<div class=\"elementor-element elementor-element-90809cd elementor-widget__width-auto elementor-absolute elementor-widget elementor-widget-heading\" data-id=\"90809cd\" data-element_type=\"widget\" data-settings=\"{&quot;_position&quot;:&quot;absolute&quot;}\" data-widget_type=\"heading.default\">\n\t\t\t\t<div class=\"elementor-widget-container\">\n\t\t\t<h2 class=\"elementor-heading-title elementor-size-default\">03<\/h2>\t\t<\/div>\n\t\t\t\t<\/div>\n\t\t\t\t\t<\/div>\n\t\t<\/div>\n\t\t\t\t<div class=\"elementor-column elementor-col-50 elementor-top-column elementor-element elementor-element-6c2d943\" data-id=\"6c2d943\" data-element_type=\"column\">\n\t\t\t<div class=\"elementor-widget-wrap elementor-element-populated\">\n\t\t\t\t\t\t\t\t<section class=\"elementor-section elementor-inner-section elementor-element elementor-element-07438c0 elementor-section-boxed elementor-section-height-default elementor-section-height-default\" data-id=\"07438c0\" data-element_type=\"section\">\n\t\t\t\t\t\t<div class=\"elementor-container elementor-column-gap-default\">\n\t\t\t\t\t<div class=\"elementor-column elementor-col-33 elementor-inner-column elementor-element elementor-element-a566377\" data-id=\"a566377\" data-element_type=\"column\">\n\t\t\t<div class=\"elementor-widget-wrap elementor-element-populated\">\n\t\t\t\t\t\t\t\t<div class=\"elementor-element elementor-element-9609d44 elementor-widget elementor-widget-ova_feature\" data-id=\"9609d44\" data-element_type=\"widget\" data-widget_type=\"ova_feature.default\">\n\t\t\t\t<div class=\"elementor-widget-container\">\n\t\t\t\n\t\t\t\t\t<div class=\"ova_feature version_3\">\n\t\t\t<div class=\"items\">\n\t\t\t\t\n\t\t\t\t\t\t\t<div class=\"icon\">\n\t\t\t\t\t<span class=\"flaticon-checked\"><\/span>\n\t\t\t\t<\/div>\n\t\t\t\t\n\t\t\t\t\t\t\t\t\t<h3 class=\"title\">\n\t\t\t\t\t\t<a class=\"second_font\" href=\"https:\/\/mairie-manigod.fr\/index.php\/a-propos-de-manigod\/\">\n\t\t\t\t\t\t\t\u00c0 Propos De Manigod\t\t\t\t\t\t<\/a>\n\t\t\t\t\t<\/h3>\n\t\t\t\t\n\t\t\t\t\t\t\t\t\t<div class=\"excerpt\">\n\t\t\t\t\t\t<p>\n\t\t\t\t\t\t\tLa commune de Manigod occupe un vaste territoire dans la cha\u00eene des Aravis.\t\t\t\t\t\t<\/p>\n\t\t\t\t\t<\/div>\n\t\t\t\t\n\t\t\t<\/div>\n\t\t<\/div>\n\t\t\t\t<\/div>\n\t\t\t\t<\/div>\n\t\t\t\t\t<\/div>\n\t\t<\/div>\n\t\t\t\t<div class=\"elementor-column elementor-col-33 elementor-inner-column elementor-element elementor-element-b06e9b0\" data-id=\"b06e9b0\" data-element_type=\"column\">\n\t\t\t<div class=\"elementor-widget-wrap elementor-element-populated\">\n\t\t\t\t\t\t\t\t<div class=\"elementor-element elementor-element-7042202 elementor-widget elementor-widget-ova_feature\" data-id=\"7042202\" data-element_type=\"widget\" data-widget_type=\"ova_feature.default\">\n\t\t\t\t<div class=\"elementor-widget-container\">\n\t\t\t\n\t\t\t\t\t<div class=\"ova_feature version_3\">\n\t\t\t<div class=\"items\">\n\t\t\t\t\n\t\t\t\t\t\t\t<div class=\"icon\">\n\t\t\t\t\t<span class=\"flaticon-farmer\"><\/span>\n\t\t\t\t<\/div>\n\t\t\t\t\n\t\t\t\t\t\t\t\t\t<h3 class=\"title\">\n\t\t\t\t\t\t<a class=\"second_font\" href=\"https:\/\/mairie-manigod.fr\/index.php\/a-propos-de-manigod\/alpages-communaux\/\">\n\t\t\t\t\t\t\tAlpages Communaux\t\t\t\t\t\t<\/a>\n\t\t\t\t\t<\/h3>\n\t\t\t\t\n\t\t\t\t\t\t\t\t\t<div class=\"excerpt\">\n\t\t\t\t\t\t<p>\n\t\t\t\t\t\t\tLa commune poss\u00e8de plusieurs alpages qu\u2019elle loue \u00e0 des exploitants.\t\t\t\t\t\t<\/p>\n\t\t\t\t\t<\/div>\n\t\t\t\t\n\t\t\t<\/div>\n\t\t<\/div>\n\t\t\t\t<\/div>\n\t\t\t\t<\/div>\n\t\t\t\t\t<\/div>\n\t\t<\/div>\n\t\t\t\t<div class=\"elementor-column elementor-col-33 elementor-inner-column elementor-element elementor-element-786978f\" data-id=\"786978f\" data-element_type=\"column\">\n\t\t\t<div class=\"elementor-widget-wrap elementor-element-populated\">\n\t\t\t\t\t\t\t\t<div class=\"elementor-element elementor-element-d50bd64 elementor-widget elementor-widget-ova_feature\" data-id=\"d50bd64\" data-element_type=\"widget\" data-widget_type=\"ova_feature.default\">\n\t\t\t\t<div class=\"elementor-widget-container\">\n\t\t\t\n\t\t\t\t\t<div class=\"ova_feature version_3\">\n\t\t\t<div class=\"items\">\n\t\t\t\t\n\t\t\t\t\t\t\t<div class=\"icon\">\n\t\t\t\t\t<span class=\"flaticon-trees\"><\/span>\n\t\t\t\t<\/div>\n\t\t\t\t\n\t\t\t\t\t\t\t\t\t<h3 class=\"title\">\n\t\t\t\t\t\t<a class=\"second_font\" href=\"https:\/\/mairie-manigod.fr\/index.php\/a-propos-de-manigod\/foret-communale\/\">\n\t\t\t\t\t\t\tFor\u00eat communale\t\t\t\t\t\t<\/a>\n\t\t\t\t\t<\/h3>\n\t\t\t\t\n\t\t\t\t\t\t\t\t\t<div class=\"excerpt\">\n\t\t\t\t\t\t<p>\n\t\t\t\t\t\t\tLa for\u00eat communale de Manigod figurait d\u00e9j\u00e0 en 1750 comme propri\u00e9t\u00e9 de la commune.\t\t\t\t\t\t<\/p>\n\t\t\t\t\t<\/div>\n\t\t\t\t\n\t\t\t<\/div>\n\t\t<\/div>\n\t\t\t\t<\/div>\n\t\t\t\t<\/div>\n\t\t\t\t\t<\/div>\n\t\t<\/div>\n\t\t\t\t\t\t\t<\/div>\n\t\t<\/section>\n\t\t\t\t\t<\/div>\n\t\t<\/div>\n\t\t\t\t\t\t\t<\/div>\n\t\t<\/section>\n\t\t\t\t<section class=\"elementor-section elementor-top-section elementor-element elementor-element-1ea894b elementor-section-boxed elementor-section-height-default elementor-section-height-default\" data-id=\"1ea894b\" data-element_type=\"section\">\n\t\t\t\t\t\t<div class=\"elementor-container elementor-column-gap-default\">\n\t\t\t\t\t<div class=\"elementor-column elementor-col-100 elementor-top-column elementor-element elementor-element-cfaa2c5\" data-id=\"cfaa2c5\" data-element_type=\"column\">\n\t\t\t<div class=\"elementor-widget-wrap elementor-element-populated\">\n\t\t\t\t\t\t\t\t<div class=\"elementor-element elementor-element-16cdc58 elementor-widget elementor-widget-ova_heading\" data-id=\"16cdc58\" data-element_type=\"widget\" data-widget_type=\"ova_heading.default\">\n\t\t\t\t<div class=\"elementor-widget-container\">\n\t\t\t\t\t<div class=\"ova-heading\">\n\t\t\t\n\t\t\t\t\t\t\t<h3 class=\"title second_font\">Derni\u00e8res actualit\u00e9s<\/h3>\n\t\t\t\n\t\t\t\t\t\t\t<p class=\"sub-title \">Suivez les nouveaut\u00e9s et \u00e9v\u00e9nements de la commune !<\/p>\n\t\t\t\n\t\t<\/div>\n\t\t\t\t<\/div>\n\t\t\t\t<\/div>\n\t\t\t\t<section class=\"elementor-section elementor-inner-section elementor-element elementor-element-f968e54 elementor-section-boxed elementor-section-height-default elementor-section-height-default\" data-id=\"f968e54\" data-element_type=\"section\">\n\t\t\t\t\t\t<div class=\"elementor-container elementor-column-gap-default\">\n\t\t\t\t\t<div class=\"elementor-column elementor-col-100 elementor-inner-column elementor-element elementor-element-2a0e6e8\" data-id=\"2a0e6e8\" data-element_type=\"column\">\n\t\t\t<div class=\"elementor-widget-wrap elementor-element-populated\">\n\t\t\t\t\t\t\t\t<div class=\"elementor-element elementor-element-d864311 elementor-widget elementor-widget-ova_blog\" data-id=\"d864311\" data-element_type=\"widget\" data-widget_type=\"ova_blog.default\">\n\t\t\t\t<div class=\"elementor-widget-container\">\n\t\t\t\n\t\t<div class=\"ova-blog blog-grid grid_medium\">\n\t\t\t<div class=\"ova-wrap-grid\">\n\t\t\t\t\t\t\t<article class=\"post-wrap\">\n\t\t\t\t\t<div class=\"wrap-article\">\n\t\t\t\t\t\t<div class=\"post-media\">\n\t\t\t\t\t\t\t\t\t\t\t\t\t\t\t<a href=\"https:\/\/mairie-manigod.fr\/index.php\/2026\/04\/27\/journee-ecocitoyenne-2026\/\">\n\n\t\t\t\t\t\t\t\t\t<img decoding=\"async\" alt=\"JOURNEE ECOCITOYENNE 2026\" src=\"https:\/\/mairie-manigod.fr\/wp-content\/uploads\/2026\/04\/JOURNEE-ECOCITOYENNE-20262-396x560.png\" \n\t\t\t\t\t\t\t\t\t\t\t\n\t\t\t\t\t\t\t\t\t\t\tsrcset=\"https:\/\/mairie-manigod.fr\/wp-content\/uploads\/2026\/04\/JOURNEE-ECOCITOYENNE-20262-396x560.png 560w,\n\t\t\t\t\t\t\t\t\t\t\thttps:\/\/mairie-manigod.fr\/wp-content\/uploads\/2026\/04\/JOURNEE-ECOCITOYENNE-20262-212x300.png 300w\" \n\t\t\t\t\t\t\t\t\t\t\tsizes=\"(max-width: 767px) 100vw, 560px\" >\n\t\t\t\t\t\t\t\t<\/a>\n\t\t\t\t\t\t\t\t\t\t\t\t\t<\/div>\n\t\t\t\t\t\t<div class=\"evgovt-content\">\n\t\t\t\t\t\t\t\t\t\t\t\t\t\t<div class=\"post-meta-date\">\n\t\t\t\t\t\t\t\t<span class=\"post-meta-content-date\">\n\t\t\t\t\t\t\t\t    <span class=\" post-date\">\n\t\t\t\t\t\t\t\t        <span class=\"right second_font\">27 avril 2026<\/span>\n\t\t\t\t\t\t\t\t    <\/span>\n\t\t\t\t\t\t\t\t<\/span>\n\t\t\t\t\t\t\t<\/div>\n\t\t\t\t\t\t\t\n\t\t\t\t\t\t\t\t\t\t\t\t\t\t\t\t\t\t\t\t\t<div class=\"post-title\">\n\t\t\t\t\t\t\t\t<a href=\"https:\/\/mairie-manigod.fr\/index.php\/2026\/04\/27\/journee-ecocitoyenne-2026\/\" rel=\"bookmark\" title=\"JOURNEE ECOCITOYENNE 2026\">\n\t\t\t\t\t\t\t\t\t<h2 class=\"post-title\">JOURNEE ECOCITOYENNE 2026<\/h2>\n\t\t\t\t\t\t\t    <\/a>\n\t\t\t\t\t\t\t<\/div>\n\t\t\t\t\t\t\t\t\t\t\t\t\t\t\t\t\t\t\t\t\t\t\t\t\t\t\t\t<div class=\"post-footer\">\n\t\t\t\t\t\t\t\t<div class=\"egovt-post-readmore\">\n\t\t\t\t\t\t\t\t    <a class=\"btn-readmore second_font\" href=\"https:\/\/mairie-manigod.fr\/index.php\/2026\/04\/27\/journee-ecocitoyenne-2026\/\">\n\t\t\t\t\t\t\t\t    \tLire l&#039;article\t\t\t\t\t\t\t\t    \t<i data-feather=\"arrow-right\"><\/i>\n\t\t\t\t\t\t\t\t    <\/a>\n\t\t\t\t\t\t\t\t<\/div>\n\t\t\t\t\t\t\t<\/div>\n\t\t\t\t\t\t\t\t\t\t\t\t\t<\/div>\n\t\t\t\t\t<\/div>\n\t\t\t\t<\/article>\n\t\t\t\t\t\t\t<article class=\"post-wrap\">\n\t\t\t\t\t<div class=\"wrap-article\">\n\t\t\t\t\t\t<div class=\"post-media\">\n\t\t\t\t\t\t\t\t\t\t\t\t\t\t\t<a href=\"https:\/\/mairie-manigod.fr\/index.php\/2026\/04\/24\/seance-du-conseil-municipal-mercredi-29-avril-2026\/\">\n\n\t\t\t\t\t\t\t\t\t<img decoding=\"async\" alt=\"SEANCE DU CONSEIL MUNICIPAL MERCREDI 29 AVRIL 2026\" src=\"https:\/\/mairie-manigod.fr\/wp-content\/uploads\/2026\/04\/CM29042026-2-396x560.jpg\" \n\t\t\t\t\t\t\t\t\t\t\t\n\t\t\t\t\t\t\t\t\t\t\tsrcset=\"https:\/\/mairie-manigod.fr\/wp-content\/uploads\/2026\/04\/CM29042026-2-396x560.jpg 560w,\n\t\t\t\t\t\t\t\t\t\t\thttps:\/\/mairie-manigod.fr\/wp-content\/uploads\/2026\/04\/CM29042026-2-212x300.jpg 300w\" \n\t\t\t\t\t\t\t\t\t\t\tsizes=\"(max-width: 767px) 100vw, 560px\" >\n\t\t\t\t\t\t\t\t<\/a>\n\t\t\t\t\t\t\t\t\t\t\t\t\t<\/div>\n\t\t\t\t\t\t<div class=\"evgovt-content\">\n\t\t\t\t\t\t\t\t\t\t\t\t\t\t<div class=\"post-meta-date\">\n\t\t\t\t\t\t\t\t<span class=\"post-meta-content-date\">\n\t\t\t\t\t\t\t\t    <span class=\" post-date\">\n\t\t\t\t\t\t\t\t        <span class=\"right second_font\">24 avril 2026<\/span>\n\t\t\t\t\t\t\t\t    <\/span>\n\t\t\t\t\t\t\t\t<\/span>\n\t\t\t\t\t\t\t<\/div>\n\t\t\t\t\t\t\t\n\t\t\t\t\t\t\t\t\t\t\t\t\t\t\t\t\t\t\t\t\t<div class=\"post-title\">\n\t\t\t\t\t\t\t\t<a href=\"https:\/\/mairie-manigod.fr\/index.php\/2026\/04\/24\/seance-du-conseil-municipal-mercredi-29-avril-2026\/\" rel=\"bookmark\" title=\"SEANCE DU CONSEIL MUNICIPAL MERCREDI 29 AVRIL 2026\">\n\t\t\t\t\t\t\t\t\t<h2 class=\"post-title\">SEANCE DU CONSEIL MUNICIPAL MERCREDI 29 AVRIL 2026<\/h2>\n\t\t\t\t\t\t\t    <\/a>\n\t\t\t\t\t\t\t<\/div>\n\t\t\t\t\t\t\t\t\t\t\t\t\t\t\t\t\t\t\t\t\t\t\t\t\t\t\t\t<div class=\"post-footer\">\n\t\t\t\t\t\t\t\t<div class=\"egovt-post-readmore\">\n\t\t\t\t\t\t\t\t    <a class=\"btn-readmore second_font\" href=\"https:\/\/mairie-manigod.fr\/index.php\/2026\/04\/24\/seance-du-conseil-municipal-mercredi-29-avril-2026\/\">\n\t\t\t\t\t\t\t\t    \tLire l&#039;article\t\t\t\t\t\t\t\t    \t<i data-feather=\"arrow-right\"><\/i>\n\t\t\t\t\t\t\t\t    <\/a>\n\t\t\t\t\t\t\t\t<\/div>\n\t\t\t\t\t\t\t<\/div>\n\t\t\t\t\t\t\t\t\t\t\t\t\t<\/div>\n\t\t\t\t\t<\/div>\n\t\t\t\t<\/article>\n\t\t\t\t\t\t\t<article class=\"post-wrap\">\n\t\t\t\t\t<div class=\"wrap-article\">\n\t\t\t\t\t\t<div class=\"post-media\">\n\t\t\t\t\t\t\t\t\t\t\t\t\t\t\t<a href=\"https:\/\/mairie-manigod.fr\/index.php\/2026\/04\/20\/ceremonie-commemorative-8-mai-2026\/\">\n\n\t\t\t\t\t\t\t\t\t<img decoding=\"async\" alt=\"CEREMONIE COMMEMORATIVE &#8211; 8 MAI 2026\" src=\"https:\/\/mairie-manigod.fr\/wp-content\/uploads\/2026\/04\/8-MAI-2026-396x560.png\" \n\t\t\t\t\t\t\t\t\t\t\t\n\t\t\t\t\t\t\t\t\t\t\tsrcset=\"https:\/\/mairie-manigod.fr\/wp-content\/uploads\/2026\/04\/8-MAI-2026-396x560.png 560w,\n\t\t\t\t\t\t\t\t\t\t\thttps:\/\/mairie-manigod.fr\/wp-content\/uploads\/2026\/04\/8-MAI-2026-212x300.png 300w\" \n\t\t\t\t\t\t\t\t\t\t\tsizes=\"(max-width: 767px) 100vw, 560px\" >\n\t\t\t\t\t\t\t\t<\/a>\n\t\t\t\t\t\t\t\t\t\t\t\t\t<\/div>\n\t\t\t\t\t\t<div class=\"evgovt-content\">\n\t\t\t\t\t\t\t\t\t\t\t\t\t\t<div class=\"post-meta-date\">\n\t\t\t\t\t\t\t\t<span class=\"post-meta-content-date\">\n\t\t\t\t\t\t\t\t    <span class=\" post-date\">\n\t\t\t\t\t\t\t\t        <span class=\"right second_font\">20 avril 2026<\/span>\n\t\t\t\t\t\t\t\t    <\/span>\n\t\t\t\t\t\t\t\t<\/span>\n\t\t\t\t\t\t\t<\/div>\n\t\t\t\t\t\t\t\n\t\t\t\t\t\t\t\t\t\t\t\t\t\t\t\t\t\t\t\t\t<div class=\"post-title\">\n\t\t\t\t\t\t\t\t<a href=\"https:\/\/mairie-manigod.fr\/index.php\/2026\/04\/20\/ceremonie-commemorative-8-mai-2026\/\" rel=\"bookmark\" title=\"CEREMONIE COMMEMORATIVE &#8211; 8 MAI 2026\">\n\t\t\t\t\t\t\t\t\t<h2 class=\"post-title\">CEREMONIE COMMEMORATIVE &#8211; 8 MAI 2026<\/h2>\n\t\t\t\t\t\t\t    <\/a>\n\t\t\t\t\t\t\t<\/div>\n\t\t\t\t\t\t\t\t\t\t\t\t\t\t\t\t\t\t\t\t\t\t\t\t\t\t\t\t<div class=\"post-footer\">\n\t\t\t\t\t\t\t\t<div class=\"egovt-post-readmore\">\n\t\t\t\t\t\t\t\t    <a class=\"btn-readmore second_font\" href=\"https:\/\/mairie-manigod.fr\/index.php\/2026\/04\/20\/ceremonie-commemorative-8-mai-2026\/\">\n\t\t\t\t\t\t\t\t    \tLire l&#039;article\t\t\t\t\t\t\t\t    \t<i data-feather=\"arrow-right\"><\/i>\n\t\t\t\t\t\t\t\t    <\/a>\n\t\t\t\t\t\t\t\t<\/div>\n\t\t\t\t\t\t\t<\/div>\n\t\t\t\t\t\t\t\t\t\t\t\t\t<\/div>\n\t\t\t\t\t<\/div>\n\t\t\t\t<\/article>\n\t\t\t\t\t\t<\/div>\n\t\t<\/div>\n\t\t\t\t<\/div>\n\t\t\t\t<\/div>\n\t\t\t\t\t<\/div>\n\t\t<\/div>\n\t\t\t\t\t\t\t<\/div>\n\t\t<\/section>\n\t\t\t\t\t<\/div>\n\t\t<\/div>\n\t\t\t\t\t\t\t<\/div>\n\t\t<\/section>\n\t\t\t\t\t\t\t<\/div>\n\t\t","protected":false},"excerpt":{"rendered":"<p>LE M Magazine Municipal de Manigod Chaque trimestre la Mairie de Manigod \u00e9dite son Magazine Municipal, appel\u00e9 couramment Le M. Au travers de ses pages vous pouvez retrouver les informations importantes transmises par chaque commission mais aussi des t\u00e9moignages de Manigodins, des focus sur des sujets d&#8217;actualit\u00e9s, des dossiers d&#8217;informations et bien plus encore ! [&hellip;]<\/p>\n","protected":false},"author":1,"featured_media":5554,"parent":6025,"menu_order":1,"comment_status":"closed","ping_status":"closed","template":"elementor_header_footer","meta":{"footnotes":""},"class_list":["post-6555","page","type-page","status-publish","has-post-thumbnail","hentry"],"yoast_head":"<!-- This site is optimized with the Yoast SEO plugin v20.13 - https:\/\/yoast.com\/wordpress\/plugins\/seo\/ -->\n<title>Magazine municipal - Mairie de Manigod<\/title>\n<meta name=\"description\" content=\"Chaque trimestre la Mairie de Manigod \u00e9dite son Magazine Municipal, appel\u00e9 couramment Le \u201cM\u201d. Retrouvez les informations importantes...\" \/>\n<meta name=\"robots\" content=\"index, follow, max-snippet:-1, max-image-preview:large, max-video-preview:-1\" \/>\n<link rel=\"canonical\" href=\"https:\/\/mairie-manigod.fr\/index.php\/a-propos-de-manigod\/magazine-municipal\/\" \/>\n<meta property=\"og:locale\" content=\"fr_FR\" \/>\n<meta property=\"og:type\" content=\"article\" \/>\n<meta property=\"og:title\" content=\"Magazine municipal - Mairie de Manigod\" \/>\n<meta property=\"og:description\" content=\"Chaque trimestre la Mairie de Manigod \u00e9dite son Magazine Municipal, appel\u00e9 couramment Le \u201cM\u201d. Retrouvez les informations importantes...\" \/>\n<meta property=\"og:url\" content=\"https:\/\/mairie-manigod.fr\/index.php\/a-propos-de-manigod\/magazine-municipal\/\" \/>\n<meta property=\"og:site_name\" content=\"Mairie de Manigod\" \/>\n<meta property=\"article:modified_time\" content=\"2024-02-14T17:57:56+00:00\" \/>\n<meta property=\"og:image\" content=\"https:\/\/mairie-manigod.fr\/wp-content\/uploads\/2020\/07\/Header-Mairie-Manigod-1920x300-1.png\" \/>\n\t<meta property=\"og:image:width\" content=\"1920\" \/>\n\t<meta property=\"og:image:height\" content=\"300\" \/>\n\t<meta property=\"og:image:type\" content=\"image\/png\" \/>\n<meta name=\"twitter:card\" content=\"summary_large_image\" \/>\n<meta name=\"twitter:label1\" content=\"Dur\u00e9e de lecture estim\u00e9e\" \/>\n\t<meta name=\"twitter:data1\" content=\"3 minutes\" \/>\n<script type=\"application\/ld+json\" class=\"yoast-schema-graph\">{\"@context\":\"https:\/\/schema.org\",\"@graph\":[{\"@type\":\"WebPage\",\"@id\":\"https:\/\/mairie-manigod.fr\/index.php\/a-propos-de-manigod\/magazine-municipal\/\",\"url\":\"https:\/\/mairie-manigod.fr\/index.php\/a-propos-de-manigod\/magazine-municipal\/\",\"name\":\"Magazine municipal - Mairie de Manigod\",\"isPartOf\":{\"@id\":\"https:\/\/mairie-manigod.fr\/#website\"},\"datePublished\":\"2023-02-09T20:48:24+00:00\",\"dateModified\":\"2024-02-14T17:57:56+00:00\",\"description\":\"Chaque trimestre la Mairie de Manigod \u00e9dite son Magazine Municipal, appel\u00e9 couramment Le \u201cM\u201d. Retrouvez les informations importantes...\",\"breadcrumb\":{\"@id\":\"https:\/\/mairie-manigod.fr\/index.php\/a-propos-de-manigod\/magazine-municipal\/#breadcrumb\"},\"inLanguage\":\"fr-FR\",\"potentialAction\":[{\"@type\":\"ReadAction\",\"target\":[\"https:\/\/mairie-manigod.fr\/index.php\/a-propos-de-manigod\/magazine-municipal\/\"]}]},{\"@type\":\"BreadcrumbList\",\"@id\":\"https:\/\/mairie-manigod.fr\/index.php\/a-propos-de-manigod\/magazine-municipal\/#breadcrumb\",\"itemListElement\":[{\"@type\":\"ListItem\",\"position\":1,\"name\":\"\u00c0 propos de Manigod\",\"item\":\"https:\/\/mairie-manigod.fr\/index.php\/a-propos-de-manigod\/\"},{\"@type\":\"ListItem\",\"position\":2,\"name\":\"Magazine municipal\"}]},{\"@type\":\"WebSite\",\"@id\":\"https:\/\/mairie-manigod.fr\/#website\",\"url\":\"https:\/\/mairie-manigod.fr\/\",\"name\":\"Mairie de Manigod\",\"description\":\"Site officiel de la Mairie de Manigod\",\"publisher\":{\"@id\":\"https:\/\/mairie-manigod.fr\/#organization\"},\"potentialAction\":[{\"@type\":\"SearchAction\",\"target\":{\"@type\":\"EntryPoint\",\"urlTemplate\":\"https:\/\/mairie-manigod.fr\/?s={search_term_string}\"},\"query-input\":\"required name=search_term_string\"}],\"inLanguage\":\"fr-FR\"},{\"@type\":\"Organization\",\"@id\":\"https:\/\/mairie-manigod.fr\/#organization\",\"name\":\"Mairie de Manigod\",\"url\":\"https:\/\/mairie-manigod.fr\/\",\"logo\":{\"@type\":\"ImageObject\",\"inLanguage\":\"fr-FR\",\"@id\":\"https:\/\/mairie-manigod.fr\/#\/schema\/logo\/image\/\",\"url\":\"https:\/\/mairie-manigod.fr\/wp-content\/uploads\/2020\/07\/7a01fa1aef2ad52e483cbec5e2883795a6877f38-2nb.png\",\"contentUrl\":\"https:\/\/mairie-manigod.fr\/wp-content\/uploads\/2020\/07\/7a01fa1aef2ad52e483cbec5e2883795a6877f38-2nb.png\",\"width\":1480,\"height\":419,\"caption\":\"Mairie de Manigod\"},\"image\":{\"@id\":\"https:\/\/mairie-manigod.fr\/#\/schema\/logo\/image\/\"}}]}<\/script>\n<!-- \/ Yoast SEO plugin. -->","yoast_head_json":{"title":"Magazine municipal - Mairie de Manigod","description":"Chaque trimestre la Mairie de Manigod \u00e9dite son Magazine Municipal, appel\u00e9 couramment Le \u201cM\u201d. Retrouvez les informations importantes...","robots":{"index":"index","follow":"follow","max-snippet":"max-snippet:-1","max-image-preview":"max-image-preview:large","max-video-preview":"max-video-preview:-1"},"canonical":"https:\/\/mairie-manigod.fr\/index.php\/a-propos-de-manigod\/magazine-municipal\/","og_locale":"fr_FR","og_type":"article","og_title":"Magazine municipal - Mairie de Manigod","og_description":"Chaque trimestre la Mairie de Manigod \u00e9dite son Magazine Municipal, appel\u00e9 couramment Le \u201cM\u201d. Retrouvez les informations importantes...","og_url":"https:\/\/mairie-manigod.fr\/index.php\/a-propos-de-manigod\/magazine-municipal\/","og_site_name":"Mairie de Manigod","article_modified_time":"2024-02-14T17:57:56+00:00","og_image":[{"width":1920,"height":300,"url":"https:\/\/mairie-manigod.fr\/wp-content\/uploads\/2020\/07\/Header-Mairie-Manigod-1920x300-1.png","type":"image\/png"}],"twitter_card":"summary_large_image","twitter_misc":{"Dur\u00e9e de lecture estim\u00e9e":"3 minutes"},"schema":{"@context":"https:\/\/schema.org","@graph":[{"@type":"WebPage","@id":"https:\/\/mairie-manigod.fr\/index.php\/a-propos-de-manigod\/magazine-municipal\/","url":"https:\/\/mairie-manigod.fr\/index.php\/a-propos-de-manigod\/magazine-municipal\/","name":"Magazine municipal - Mairie de Manigod","isPartOf":{"@id":"https:\/\/mairie-manigod.fr\/#website"},"datePublished":"2023-02-09T20:48:24+00:00","dateModified":"2024-02-14T17:57:56+00:00","description":"Chaque trimestre la Mairie de Manigod \u00e9dite son Magazine Municipal, appel\u00e9 couramment Le \u201cM\u201d. Retrouvez les informations importantes...","breadcrumb":{"@id":"https:\/\/mairie-manigod.fr\/index.php\/a-propos-de-manigod\/magazine-municipal\/#breadcrumb"},"inLanguage":"fr-FR","potentialAction":[{"@type":"ReadAction","target":["https:\/\/mairie-manigod.fr\/index.php\/a-propos-de-manigod\/magazine-municipal\/"]}]},{"@type":"BreadcrumbList","@id":"https:\/\/mairie-manigod.fr\/index.php\/a-propos-de-manigod\/magazine-municipal\/#breadcrumb","itemListElement":[{"@type":"ListItem","position":1,"name":"\u00c0 propos de Manigod","item":"https:\/\/mairie-manigod.fr\/index.php\/a-propos-de-manigod\/"},{"@type":"ListItem","position":2,"name":"Magazine municipal"}]},{"@type":"WebSite","@id":"https:\/\/mairie-manigod.fr\/#website","url":"https:\/\/mairie-manigod.fr\/","name":"Mairie de Manigod","description":"Site officiel de la Mairie de Manigod","publisher":{"@id":"https:\/\/mairie-manigod.fr\/#organization"},"potentialAction":[{"@type":"SearchAction","target":{"@type":"EntryPoint","urlTemplate":"https:\/\/mairie-manigod.fr\/?s={search_term_string}"},"query-input":"required name=search_term_string"}],"inLanguage":"fr-FR"},{"@type":"Organization","@id":"https:\/\/mairie-manigod.fr\/#organization","name":"Mairie de Manigod","url":"https:\/\/mairie-manigod.fr\/","logo":{"@type":"ImageObject","inLanguage":"fr-FR","@id":"https:\/\/mairie-manigod.fr\/#\/schema\/logo\/image\/","url":"https:\/\/mairie-manigod.fr\/wp-content\/uploads\/2020\/07\/7a01fa1aef2ad52e483cbec5e2883795a6877f38-2nb.png","contentUrl":"https:\/\/mairie-manigod.fr\/wp-content\/uploads\/2020\/07\/7a01fa1aef2ad52e483cbec5e2883795a6877f38-2nb.png","width":1480,"height":419,"caption":"Mairie de Manigod"},"image":{"@id":"https:\/\/mairie-manigod.fr\/#\/schema\/logo\/image\/"}}]}},"publishpress_future_action":{"enabled":false,"date":"1970-01-01 01:00:00","action":"","terms":[],"taxonomy":"","browser_timezone_offset":0},"_links":{"self":[{"href":"https:\/\/mairie-manigod.fr\/index.php\/wp-json\/wp\/v2\/pages\/6555","targetHints":{"allow":["GET"]}}],"collection":[{"href":"https:\/\/mairie-manigod.fr\/index.php\/wp-json\/wp\/v2\/pages"}],"about":[{"href":"https:\/\/mairie-manigod.fr\/index.php\/wp-json\/wp\/v2\/types\/page"}],"author":[{"embeddable":true,"href":"https:\/\/mairie-manigod.fr\/index.php\/wp-json\/wp\/v2\/users\/1"}],"replies":[{"embeddable":true,"href":"https:\/\/mairie-manigod.fr\/index.php\/wp-json\/wp\/v2\/comments?post=6555"}],"version-history":[{"count":42,"href":"https:\/\/mairie-manigod.fr\/index.php\/wp-json\/wp\/v2\/pages\/6555\/revisions"}],"predecessor-version":[{"id":9929,"href":"https:\/\/mairie-manigod.fr\/index.php\/wp-json\/wp\/v2\/pages\/6555\/revisions\/9929"}],"up":[{"embeddable":true,"href":"https:\/\/mairie-manigod.fr\/index.php\/wp-json\/wp\/v2\/pages\/6025"}],"wp:featuredmedia":[{"embeddable":true,"href":"https:\/\/mairie-manigod.fr\/index.php\/wp-json\/wp\/v2\/media\/5554"}],"wp:attachment":[{"href":"https:\/\/mairie-manigod.fr\/index.php\/wp-json\/wp\/v2\/media?parent=6555"}],"curies":[{"name":"wp","href":"https:\/\/api.w.org\/{rel}","templated":true}]}}