{"id":408,"date":"2020-07-22T01:33:54","date_gmt":"2020-07-22T01:33:54","guid":{"rendered":"https:\/\/demo.ovatheme.com\/egovt\/?page_id=408"},"modified":"2026-03-23T16:59:49","modified_gmt":"2026-03-23T15:59:49","slug":"lequipe-municipale","status":"publish","type":"page","link":"https:\/\/mairie-manigod.fr\/index.php\/lequipe-municipale\/","title":{"rendered":"L&#8217;\u00e9quipe municipale"},"content":{"rendered":"\t\t<div data-elementor-type=\"wp-page\" data-elementor-id=\"408\" class=\"elementor elementor-408\">\n\t\t\t\t\t\t\t\t\t<section class=\"elementor-section elementor-top-section elementor-element elementor-element-5723f76 elementor-section-boxed elementor-section-height-default elementor-section-height-default\" data-id=\"5723f76\" data-element_type=\"section\">\n\t\t\t\t\t\t<div class=\"elementor-container elementor-column-gap-default\">\n\t\t\t\t\t<div class=\"elementor-column elementor-col-33 elementor-top-column elementor-element elementor-element-cf03f48\" data-id=\"cf03f48\" data-element_type=\"column\">\n\t\t\t<div class=\"elementor-widget-wrap elementor-element-populated\">\n\t\t\t\t\t\t\t\t<div class=\"elementor-element elementor-element-240ee48 elementor-widget elementor-widget-ova_feature\" data-id=\"240ee48\" data-element_type=\"widget\" data-widget_type=\"ova_feature.default\">\n\t\t\t\t<div class=\"elementor-widget-container\">\n\t\t\t\n\t\t\t\t<div class=\"ova_feature version_1\">\n\t\t\t<div class=\"items\">\n\t\t\t\t\n\t\t\t\n\t\t\t\t\t\t\t<div class=\"icon\">\n\t\t\t\t\t<span class=\"flaticon-parthenon\"><\/span>\n\t\t\t\t<\/div>\n\t\t\t\t\n\t\t\t\t\t\t\t\t\t<h3 class=\"title\">\n\t\t\t\t\t\t<a class=\"second_font\" href=\"#maire\">\n\t\t\t\t\t\t\tLe Maire & Les Adjoints\t\t\t\t\t\t<\/a>\n\t\t\t\t\t<\/h3>\n\t\t\t\t\n\t\t\t\t<div class=\"content-sub\">\n\t\t\t\t\t\t\t\t\t\t<p class=\"excerpt\">\n\t\t\t\t\t\tUne \u00e9quipe dynamique et volontaire\t\t\t\t\t<\/p>\n\t\t\t\t\t\t\t\t\t\t\n\t\t\t\t\t\t\t\t\t\t<a href=\"#maire\" class=\"second_font readmore\">\n\t\t\t\t\t\tD\u00e9couvrez leurs portraits\t\t\t\t\t\t<i data-feather=\"arrow-right\"><\/i>\n\t\t\t\t\t<\/a>\n\t\t\t\t\t\t\t\t\t<\/div>\n\t\t\t\t\t\t\t\t<div class=\"icon-hide\">\n\t\t\t\t\t<span class=\"flaticon-parthenon\"><\/span>\n\t\t\t\t<\/div>\n\t\t\t\t\t\t\t<\/div>\n\t\t<\/div>\n\t\t\t\t<\/div>\n\t\t\t\t<\/div>\n\t\t\t\t\t<\/div>\n\t\t<\/div>\n\t\t\t\t<div class=\"elementor-column elementor-col-33 elementor-top-column elementor-element elementor-element-7dc069b\" data-id=\"7dc069b\" data-element_type=\"column\">\n\t\t\t<div class=\"elementor-widget-wrap elementor-element-populated\">\n\t\t\t\t\t\t\t\t<div class=\"elementor-element elementor-element-a100000 elementor-widget elementor-widget-ova_feature\" data-id=\"a100000\" data-element_type=\"widget\" data-widget_type=\"ova_feature.default\">\n\t\t\t\t<div class=\"elementor-widget-container\">\n\t\t\t\n\t\t\t\t<div class=\"ova_feature version_1\">\n\t\t\t<div class=\"items\">\n\t\t\t\t\n\t\t\t\n\t\t\t\t\t\t\t<div class=\"icon\">\n\t\t\t\t\t<span class=\"flaticon-group\"><\/span>\n\t\t\t\t<\/div>\n\t\t\t\t\n\t\t\t\t\t\t\t\t\t<h3 class=\"title\">\n\t\t\t\t\t\t<a class=\"second_font\" href=\"#conseillers\">\n\t\t\t\t\t\t\tLes Conseillers Municipaux\t\t\t\t\t\t<\/a>\n\t\t\t\t\t<\/h3>\n\t\t\t\t\n\t\t\t\t<div class=\"content-sub\">\n\t\t\t\t\t\t\t\t\t\t<p class=\"excerpt\">\n\t\t\t\t\t\t Les repr\u00e9sentants des citoyens\t\t\t\t\t<\/p>\n\t\t\t\t\t\t\t\t\t\t\n\t\t\t\t\t\t\t\t\t\t<a href=\"#conseillers\" class=\"second_font readmore\">\n\t\t\t\t\t\tD\u00e9couvrez leurs portraits\t\t\t\t\t\t<i data-feather=\"arrow-right\"><\/i>\n\t\t\t\t\t<\/a>\n\t\t\t\t\t\t\t\t\t<\/div>\n\t\t\t\t\t\t\t\t<div class=\"icon-hide\">\n\t\t\t\t\t<span class=\"flaticon-group\"><\/span>\n\t\t\t\t<\/div>\n\t\t\t\t\t\t\t<\/div>\n\t\t<\/div>\n\t\t\t\t<\/div>\n\t\t\t\t<\/div>\n\t\t\t\t\t<\/div>\n\t\t<\/div>\n\t\t\t\t<div class=\"elementor-column elementor-col-33 elementor-top-column elementor-element elementor-element-0ed0258\" data-id=\"0ed0258\" data-element_type=\"column\">\n\t\t\t<div class=\"elementor-widget-wrap elementor-element-populated\">\n\t\t\t\t\t\t\t\t<div class=\"elementor-element elementor-element-b2aa080 elementor-widget elementor-widget-ova_feature\" data-id=\"b2aa080\" data-element_type=\"widget\" data-widget_type=\"ova_feature.default\">\n\t\t\t\t<div class=\"elementor-widget-container\">\n\t\t\t\n\t\t\t\t<div class=\"ova_feature version_1\">\n\t\t\t<div class=\"items\">\n\t\t\t\t\n\t\t\t\n\t\t\t\t\t\t\t<div class=\"icon\">\n\t\t\t\t\t<span class=\"flaticon-signpost-2\"><\/span>\n\t\t\t\t<\/div>\n\t\t\t\t\n\t\t\t\t\t\t\t\t\t<h3 class=\"title\">\n\t\t\t\t\t\t<a class=\"second_font\" href=\"#commissions\">\n\t\t\t\t\t\t\tLes Commissions & Comit\u00e9s\t\t\t\t\t\t<\/a>\n\t\t\t\t\t<\/h3>\n\t\t\t\t\n\t\t\t\t<div class=\"content-sub\">\n\t\t\t\t\t\t\t\t\t\t<p class=\"excerpt\">\n\t\t\t\t\t\tRetrouvez la composition de chaque commission et comit\u00e9\t\t\t\t\t<\/p>\n\t\t\t\t\t\t\t\t\t\t\n\t\t\t\t\t\t\t\t\t\t<a href=\"#commissions\" class=\"second_font readmore\">\n\t\t\t\t\t\tEn savoir plus\t\t\t\t\t\t<i data-feather=\"arrow-right\"><\/i>\n\t\t\t\t\t<\/a>\n\t\t\t\t\t\t\t\t\t<\/div>\n\t\t\t\t\t\t\t\t<div class=\"icon-hide\">\n\t\t\t\t\t<span class=\"flaticon-signpost-2\"><\/span>\n\t\t\t\t<\/div>\n\t\t\t\t\t\t\t<\/div>\n\t\t<\/div>\n\t\t\t\t<\/div>\n\t\t\t\t<\/div>\n\t\t\t\t\t<\/div>\n\t\t<\/div>\n\t\t\t\t\t\t\t<\/div>\n\t\t<\/section>\n\t\t\t\t<section class=\"elementor-section elementor-top-section elementor-element elementor-element-3e7bb97 egovt-section-column-1370px elementor-section-full_width elementor-section-height-default elementor-section-height-default\" data-id=\"3e7bb97\" data-element_type=\"section\">\n\t\t\t\t\t\t<div class=\"elementor-container elementor-column-gap-default\">\n\t\t\t\t\t<div class=\"elementor-column elementor-col-100 elementor-top-column elementor-element elementor-element-6ce48ad\" data-id=\"6ce48ad\" data-element_type=\"column\" data-settings=\"{&quot;background_background&quot;:&quot;classic&quot;}\">\n\t\t\t<div class=\"elementor-widget-wrap elementor-element-populated\">\n\t\t\t\t\t\t\t\t<div class=\"elementor-element elementor-element-5b108d8 elementor-widget elementor-widget-ova_heading\" data-id=\"5b108d8\" data-element_type=\"widget\" data-widget_type=\"ova_heading.default\">\n\t\t\t\t<div class=\"elementor-widget-container\">\n\t\t\t\t\t<div class=\"ova-heading\">\n\t\t\t\n\t\t\t\t\t\t\t<h3 class=\"title second_font\">Vous souhaitez vous aussi vous investir pour la Commune ?<\/h3>\n\t\t\t\n\t\t\t\t\t\t\t<p class=\"sub-title \">N'h\u00e9sitez pas \u00e0 nous contacter, tous les volontaires sont les bienvenus !<\/p>\n\t\t\t\n\t\t<\/div>\n\t\t\t\t<\/div>\n\t\t\t\t<\/div>\n\t\t\t\t<div class=\"elementor-element elementor-element-43fa601 elementor-align-center egovt_button elementor-widget elementor-widget-button\" data-id=\"43fa601\" data-element_type=\"widget\" data-widget_type=\"button.default\">\n\t\t\t\t<div class=\"elementor-widget-container\">\n\t\t\t\t\t<div class=\"elementor-button-wrapper\">\n\t\t\t<a href=\"https:\/\/mairie-manigod.fr\/index.php\/contact\/\" class=\"elementor-button-link elementor-button elementor-size-sm\" role=\"button\">\n\t\t\t\t\t\t<span class=\"elementor-button-content-wrapper\">\n\t\t\t\t\t\t<span class=\"elementor-button-text\">Contactez La Mairie<\/span>\n\t\t<\/span>\n\t\t\t\t\t<\/a>\n\t\t<\/div>\n\t\t\t\t<\/div>\n\t\t\t\t<\/div>\n\t\t\t\t\t<\/div>\n\t\t<\/div>\n\t\t\t\t\t\t\t<\/div>\n\t\t<\/section>\n\t\t\t\t<section class=\"elementor-section elementor-top-section elementor-element elementor-element-3a633d9 elementor-section-full_width elementor-section-height-default elementor-section-height-default\" data-id=\"3a633d9\" data-element_type=\"section\">\n\t\t\t\t\t\t<div class=\"elementor-container elementor-column-gap-default\">\n\t\t\t\t\t<div class=\"elementor-column elementor-col-100 elementor-top-column elementor-element elementor-element-852f661\" data-id=\"852f661\" data-element_type=\"column\">\n\t\t\t<div class=\"elementor-widget-wrap elementor-element-populated\">\n\t\t\t\t\t\t\t\t<div class=\"elementor-element elementor-element-6ad9431 elementor-widget elementor-widget-spacer\" data-id=\"6ad9431\" data-element_type=\"widget\" data-widget_type=\"spacer.default\">\n\t\t\t\t<div class=\"elementor-widget-container\">\n\t\t\t<style>\/*! elementor - v3.10.2 - 29-01-2023 *\/\n.elementor-column .elementor-spacer-inner{height:var(--spacer-size)}.e-con{--container-widget-width:100%}.e-con-inner>.elementor-widget-spacer,.e-con>.elementor-widget-spacer{width:var(--container-widget-width,var(--spacer-size));--align-self:var(--container-widget-align-self,initial);--flex-shrink:0}.e-con-inner>.elementor-widget-spacer>.elementor-widget-container,.e-con-inner>.elementor-widget-spacer>.elementor-widget-container>.elementor-spacer,.e-con>.elementor-widget-spacer>.elementor-widget-container,.e-con>.elementor-widget-spacer>.elementor-widget-container>.elementor-spacer{height:100%}.e-con-inner>.elementor-widget-spacer>.elementor-widget-container>.elementor-spacer>.elementor-spacer-inner,.e-con>.elementor-widget-spacer>.elementor-widget-container>.elementor-spacer>.elementor-spacer-inner{height:var(--container-widget-height,var(--spacer-size))}<\/style>\t\t<div class=\"elementor-spacer\">\n\t\t\t<div class=\"elementor-spacer-inner\"><\/div>\n\t\t<\/div>\n\t\t\t\t<\/div>\n\t\t\t\t<\/div>\n\t\t\t\t\t<\/div>\n\t\t<\/div>\n\t\t\t\t\t\t\t<\/div>\n\t\t<\/section>\n\t\t\t\t\t\t\t<\/div>\n\t\t","protected":false},"excerpt":{"rendered":"<p>Le Maire &#038; Les Adjoints Une \u00e9quipe dynamique et volontaire D\u00e9couvrez leurs portraits Les Conseillers Municipaux Les repr\u00e9sentants des citoyens D\u00e9couvrez leurs portraits Les Commissions &#038; Comit\u00e9s Retrouvez la composition de chaque commission et comit\u00e9 En savoir plus Vous souhaitez vous aussi vous investir pour la Commune ? N&#8217;h\u00e9sitez pas \u00e0 nous contacter, tous les [&hellip;]<\/p>\n","protected":false},"author":1,"featured_media":5857,"parent":0,"menu_order":0,"comment_status":"closed","ping_status":"closed","template":"elementor_header_footer","meta":{"footnotes":""},"class_list":["post-408","page","type-page","status-publish","has-post-thumbnail","hentry"],"yoast_head":"<!-- This site is optimized with the Yoast SEO plugin v20.13 - https:\/\/yoast.com\/wordpress\/plugins\/seo\/ -->\n<title>L&#039;\u00e9quipe municipale - Mairie de Manigod<\/title>\n<meta name=\"description\" content=\"Une \u00e9quipe dynamique et volontaire au service du d\u00e9veloppement de la Commune de Manigod et de la qualit\u00e9 de vie des Manigodins.\" \/>\n<meta name=\"robots\" content=\"index, follow, max-snippet:-1, max-image-preview:large, max-video-preview:-1\" \/>\n<link rel=\"canonical\" href=\"https:\/\/mairie-manigod.fr\/index.php\/lequipe-municipale\/\" \/>\n<meta property=\"og:locale\" content=\"fr_FR\" \/>\n<meta property=\"og:type\" content=\"article\" \/>\n<meta property=\"og:title\" content=\"L&#039;\u00e9quipe municipale - Mairie de Manigod\" \/>\n<meta property=\"og:description\" content=\"Une \u00e9quipe dynamique et volontaire au service du d\u00e9veloppement de la Commune de Manigod et de la qualit\u00e9 de vie des Manigodins.\" \/>\n<meta property=\"og:url\" content=\"https:\/\/mairie-manigod.fr\/index.php\/lequipe-municipale\/\" \/>\n<meta property=\"og:site_name\" content=\"Mairie de Manigod\" \/>\n<meta property=\"article:modified_time\" content=\"2026-03-23T15:59:49+00:00\" \/>\n<meta property=\"og:image\" content=\"https:\/\/mairie-manigod.fr\/wp-content\/uploads\/2020\/11\/Header-Mairie-Manigod-1920x300-1.png\" \/>\n\t<meta property=\"og:image:width\" content=\"1920\" \/>\n\t<meta property=\"og:image:height\" content=\"300\" \/>\n\t<meta property=\"og:image:type\" content=\"image\/png\" \/>\n<meta name=\"twitter:card\" content=\"summary_large_image\" \/>\n<meta name=\"twitter:label1\" content=\"Dur\u00e9e de lecture estim\u00e9e\" \/>\n\t<meta name=\"twitter:data1\" content=\"1 minute\" \/>\n<script type=\"application\/ld+json\" class=\"yoast-schema-graph\">{\"@context\":\"https:\/\/schema.org\",\"@graph\":[{\"@type\":\"WebPage\",\"@id\":\"https:\/\/mairie-manigod.fr\/index.php\/lequipe-municipale\/\",\"url\":\"https:\/\/mairie-manigod.fr\/index.php\/lequipe-municipale\/\",\"name\":\"L'\u00e9quipe municipale - Mairie de Manigod\",\"isPartOf\":{\"@id\":\"https:\/\/mairie-manigod.fr\/#website\"},\"datePublished\":\"2020-07-22T01:33:54+00:00\",\"dateModified\":\"2026-03-23T15:59:49+00:00\",\"description\":\"Une \u00e9quipe dynamique et volontaire au service du d\u00e9veloppement de la Commune de Manigod et de la qualit\u00e9 de vie des Manigodins.\",\"inLanguage\":\"fr-FR\",\"potentialAction\":[{\"@type\":\"ReadAction\",\"target\":[\"https:\/\/mairie-manigod.fr\/index.php\/lequipe-municipale\/\"]}]},{\"@type\":\"WebSite\",\"@id\":\"https:\/\/mairie-manigod.fr\/#website\",\"url\":\"https:\/\/mairie-manigod.fr\/\",\"name\":\"Mairie de Manigod\",\"description\":\"Site officiel de la Mairie de Manigod\",\"publisher\":{\"@id\":\"https:\/\/mairie-manigod.fr\/#organization\"},\"potentialAction\":[{\"@type\":\"SearchAction\",\"target\":{\"@type\":\"EntryPoint\",\"urlTemplate\":\"https:\/\/mairie-manigod.fr\/?s={search_term_string}\"},\"query-input\":\"required name=search_term_string\"}],\"inLanguage\":\"fr-FR\"},{\"@type\":\"Organization\",\"@id\":\"https:\/\/mairie-manigod.fr\/#organization\",\"name\":\"Mairie de Manigod\",\"url\":\"https:\/\/mairie-manigod.fr\/\",\"logo\":{\"@type\":\"ImageObject\",\"inLanguage\":\"fr-FR\",\"@id\":\"https:\/\/mairie-manigod.fr\/#\/schema\/logo\/image\/\",\"url\":\"https:\/\/mairie-manigod.fr\/wp-content\/uploads\/2020\/07\/7a01fa1aef2ad52e483cbec5e2883795a6877f38-2nb.png\",\"contentUrl\":\"https:\/\/mairie-manigod.fr\/wp-content\/uploads\/2020\/07\/7a01fa1aef2ad52e483cbec5e2883795a6877f38-2nb.png\",\"width\":1480,\"height\":419,\"caption\":\"Mairie de Manigod\"},\"image\":{\"@id\":\"https:\/\/mairie-manigod.fr\/#\/schema\/logo\/image\/\"}}]}<\/script>\n<!-- \/ Yoast SEO plugin. -->","yoast_head_json":{"title":"L'\u00e9quipe municipale - Mairie de Manigod","description":"Une \u00e9quipe dynamique et volontaire au service du d\u00e9veloppement de la Commune de Manigod et de la qualit\u00e9 de vie des Manigodins.","robots":{"index":"index","follow":"follow","max-snippet":"max-snippet:-1","max-image-preview":"max-image-preview:large","max-video-preview":"max-video-preview:-1"},"canonical":"https:\/\/mairie-manigod.fr\/index.php\/lequipe-municipale\/","og_locale":"fr_FR","og_type":"article","og_title":"L'\u00e9quipe municipale - Mairie de Manigod","og_description":"Une \u00e9quipe dynamique et volontaire au service du d\u00e9veloppement de la Commune de Manigod et de la qualit\u00e9 de vie des Manigodins.","og_url":"https:\/\/mairie-manigod.fr\/index.php\/lequipe-municipale\/","og_site_name":"Mairie de Manigod","article_modified_time":"2026-03-23T15:59:49+00:00","og_image":[{"width":1920,"height":300,"url":"https:\/\/mairie-manigod.fr\/wp-content\/uploads\/2020\/11\/Header-Mairie-Manigod-1920x300-1.png","type":"image\/png"}],"twitter_card":"summary_large_image","twitter_misc":{"Dur\u00e9e de lecture estim\u00e9e":"1 minute"},"schema":{"@context":"https:\/\/schema.org","@graph":[{"@type":"WebPage","@id":"https:\/\/mairie-manigod.fr\/index.php\/lequipe-municipale\/","url":"https:\/\/mairie-manigod.fr\/index.php\/lequipe-municipale\/","name":"L'\u00e9quipe municipale - Mairie de Manigod","isPartOf":{"@id":"https:\/\/mairie-manigod.fr\/#website"},"datePublished":"2020-07-22T01:33:54+00:00","dateModified":"2026-03-23T15:59:49+00:00","description":"Une \u00e9quipe dynamique et volontaire au service du d\u00e9veloppement de la Commune de Manigod et de la qualit\u00e9 de vie des Manigodins.","inLanguage":"fr-FR","potentialAction":[{"@type":"ReadAction","target":["https:\/\/mairie-manigod.fr\/index.php\/lequipe-municipale\/"]}]},{"@type":"WebSite","@id":"https:\/\/mairie-manigod.fr\/#website","url":"https:\/\/mairie-manigod.fr\/","name":"Mairie de Manigod","description":"Site officiel de la Mairie de Manigod","publisher":{"@id":"https:\/\/mairie-manigod.fr\/#organization"},"potentialAction":[{"@type":"SearchAction","target":{"@type":"EntryPoint","urlTemplate":"https:\/\/mairie-manigod.fr\/?s={search_term_string}"},"query-input":"required name=search_term_string"}],"inLanguage":"fr-FR"},{"@type":"Organization","@id":"https:\/\/mairie-manigod.fr\/#organization","name":"Mairie de Manigod","url":"https:\/\/mairie-manigod.fr\/","logo":{"@type":"ImageObject","inLanguage":"fr-FR","@id":"https:\/\/mairie-manigod.fr\/#\/schema\/logo\/image\/","url":"https:\/\/mairie-manigod.fr\/wp-content\/uploads\/2020\/07\/7a01fa1aef2ad52e483cbec5e2883795a6877f38-2nb.png","contentUrl":"https:\/\/mairie-manigod.fr\/wp-content\/uploads\/2020\/07\/7a01fa1aef2ad52e483cbec5e2883795a6877f38-2nb.png","width":1480,"height":419,"caption":"Mairie de Manigod"},"image":{"@id":"https:\/\/mairie-manigod.fr\/#\/schema\/logo\/image\/"}}]}},"publishpress_future_action":{"enabled":false,"date":"1970-01-01 01:00:00","action":"","terms":[],"taxonomy":"","browser_timezone_offset":0},"_links":{"self":[{"href":"https:\/\/mairie-manigod.fr\/index.php\/wp-json\/wp\/v2\/pages\/408","targetHints":{"allow":["GET"]}}],"collection":[{"href":"https:\/\/mairie-manigod.fr\/index.php\/wp-json\/wp\/v2\/pages"}],"about":[{"href":"https:\/\/mairie-manigod.fr\/index.php\/wp-json\/wp\/v2\/types\/page"}],"author":[{"embeddable":true,"href":"https:\/\/mairie-manigod.fr\/index.php\/wp-json\/wp\/v2\/users\/1"}],"replies":[{"embeddable":true,"href":"https:\/\/mairie-manigod.fr\/index.php\/wp-json\/wp\/v2\/comments?post=408"}],"version-history":[{"count":130,"href":"https:\/\/mairie-manigod.fr\/index.php\/wp-json\/wp\/v2\/pages\/408\/revisions"}],"predecessor-version":[{"id":11793,"href":"https:\/\/mairie-manigod.fr\/index.php\/wp-json\/wp\/v2\/pages\/408\/revisions\/11793"}],"wp:featuredmedia":[{"embeddable":true,"href":"https:\/\/mairie-manigod.fr\/index.php\/wp-json\/wp\/v2\/media\/5857"}],"wp:attachment":[{"href":"https:\/\/mairie-manigod.fr\/index.php\/wp-json\/wp\/v2\/media?parent=408"}],"curies":[{"name":"wp","href":"https:\/\/api.w.org\/{rel}","templated":true}]}}